{"id":1287,"date":"2022-07-11T17:21:01","date_gmt":"2022-07-11T17:21:01","guid":{"rendered":"https:\/\/www.mundonovoviagens.pt\/?post_type=product&#038;p=1287"},"modified":"2026-04-19T22:20:10","modified_gmt":"2026-04-19T21:20:10","slug":"552-patagonia-classica-com-cataratas-de-iguacu-12-dias","status":"publish","type":"product","link":"https:\/\/www.mundonovoviagens.pt\/index.php\/produto\/552-patagonia-classica-com-cataratas-de-iguacu-12-dias\/","title":{"rendered":"552 &#8211; Patag\u00f3nia Cl\u00e1ssica com Cataratas de Igua\u00e7u &#8211; 12 dias"},"content":{"rendered":"<div id=\"pl-1287\"  class=\"panel-layout\" ><div id=\"pg-1287-0\"  class=\"panel-grid panel-no-style\" ><div id=\"pgc-1287-0-0\"  class=\"panel-grid-cell\" ><div id=\"panel-1287-0-0-0\" class=\"so-panel widget widget_pt_tabs pt-widget-tabs panel-first-child\" data-index=\"0\" >\t\t\t<div class=\"pt-tabs\">\n\t\t\t\t\n\t\t\t\t\t\t\t\t\t<ul class=\"pt-tabs__navigation  nav  nav-tabs\" role=\"tablist\">\n\t\t\t\t\t\t\t\t\t\t\t\t\t<li class=\"nav-item\">\n\t\t\t\t\t\t\t\t<a class=\"nav-link  active\" data-toggle=\"tab\" href=\"#tab-itiner\u00c1rio\" role=\"tab\">ITINER\u00c1RIO<\/a>\n\t\t\t\t\t\t\t<\/li>\n\t\t\t\t\t\t\t\t\t\t\t\t\t<li class=\"nav-item\">\n\t\t\t\t\t\t\t\t<a class=\"nav-link\" data-toggle=\"tab\" href=\"#tab-pre\u00e7os-e-condi\u00e7\u00f5es\" role=\"tab\">Pre\u00e7os e Condi\u00e7\u00f5es<\/a>\n\t\t\t\t\t\t\t<\/li>\n\t\t\t\t\t\t\t\t\t\t\t\t\t<li class=\"nav-item\">\n\t\t\t\t\t\t\t\t<a class=\"nav-link\" data-toggle=\"tab\" href=\"#tab-informa\u00e7\u00f5es-destino\" role=\"tab\">Informa\u00e7\u00f5es Destino<\/a>\n\t\t\t\t\t\t\t<\/li>\n\t\t\t\t\t\t\t\t\t\t\t<\/ul>\n\n\t\t\t\t\t<div class=\"pt-tabs__content  tab-content\">\n\t\t\t\t\t\t\t\t\t\t\t<div class=\"tab-pane  fade  in  active\" id=\"tab-itiner\u00c1rio\" role=\"tabpanel\">\n\t\t\t\t\t\t\t<div id=\"pl-w69e5470a91eb9\"  class=\"panel-layout\" ><div id=\"pg-w69e5470a91eb9-0\"  class=\"panel-grid panel-no-style\" ><div id=\"pgc-w69e5470a91eb9-0-0\"  class=\"panel-grid-cell\" ><div id=\"panel-w69e5470a91eb9-0-0-0\" class=\"so-panel widget widget_sow-editor panel-first-child\" data-index=\"0\" ><div class=\"panel-widget-style panel-widget-style-for-w69e5470a91eb9-0-0-0\" ><div\n\t\t\t\n\t\t\tclass=\"so-widget-sow-editor so-widget-sow-editor-base\"\n\t\t\t\n\t\t><h3 class=\"widget-title\"> 1\u00ba. Dia \u2013 PORTUGAL \/ FOZ de IGUA\u00c7U <\/h3>\n<div class=\"siteorigin-widget-tinymce textwidget\">\n\t<p style=\"text-align: justify;\">Compar\u00eancia no aeroporto 120 minutos antes da hora prevista para a partida. Formalidades de embarque e sa\u00edda com destino a\u00a0Foz de Igua\u00e7u, com mudan\u00e7as de avi\u00e3o em rota. Noite a bordo.<\/p>\n<\/div>\n<\/div><\/div><\/div><div id=\"panel-w69e5470a91eb9-0-0-1\" class=\"so-panel widget widget_sow-editor\" data-index=\"1\" ><div class=\"panel-widget-style panel-widget-style-for-w69e5470a91eb9-0-0-1\" ><div\n\t\t\t\n\t\t\tclass=\"so-widget-sow-editor so-widget-sow-editor-base\"\n\t\t\t\n\t\t><h3 class=\"widget-title\">2\u00ba. Dia \u2013 FOZ de IGUA\u00c7U<\/h3>\n<div class=\"siteorigin-widget-tinymce textwidget\">\n\t<p style=\"text-align: justify;\">Chegada e transporte privado para o hotel. Alojamento e resto do dia livre.<\/p>\n<\/div>\n<\/div><\/div><\/div><div id=\"panel-w69e5470a91eb9-0-0-2\" class=\"so-panel widget widget_sow-editor\" data-index=\"2\" ><div class=\"panel-widget-style panel-widget-style-for-w69e5470a91eb9-0-0-2\" ><div\n\t\t\t\n\t\t\tclass=\"so-widget-sow-editor so-widget-sow-editor-base\"\n\t\t\t\n\t\t><h3 class=\"widget-title\">3\u00ba. Dia \u2013 FOZ de IGUA\u00c7U (visita Cataratas Brasileiras)<\/h3>\n<div class=\"siteorigin-widget-tinymce textwidget\">\n\t<p style=\"text-align: justify;\">Pequeno-almo\u00e7o no hotel. De manh\u00e3 sa\u00edda para visita, em servi\u00e7o privado, \u00e0s Cataratas de Igua\u00e7u do lado brasileiro. No Parque Nacional de Igua\u00e7u encontram-se as Cataratas de Igua\u00e7u, o maior conjunto de quedas de \u00e1gua, em extens\u00e3o, do mundo. O Rio Igua\u00e7u tem aproximadamente 4km de largura e diminui at\u00e9 cerca de 100m, onde se forma um semic\u00edrculo natural composto por 275 quedas de \u00e1gua, algumas com cerca de 100m de altura, das quais quatro se encontram do lado brasileiro: Floriano, Deodoro, Benjam\u00edn Constant e Salto Uni\u00f3n ou Garganta do Diabo. Os passadi\u00e7os t\u00eam uma extens\u00e3o de 1.200 mts e permitem uma magnifica vista panor\u00e2mica das quedas de \u00e1gua; \u00e9 um espect\u00e1culo de luz e som, formado pelos reflexos do sol na \u00e1gua, que muitas vezes, espelham as cores do arco-\u00edris.<\/p>\n<p style=\"text-align: justify;\">No final da visita, regresso ao hotel. \u00a0Tarde livre. Alojamento.<\/p>\n<\/div>\n<\/div><\/div><\/div><div id=\"panel-w69e5470a91eb9-0-0-3\" class=\"so-panel widget widget_sow-editor\" data-index=\"3\" ><div class=\"panel-widget-style panel-widget-style-for-w69e5470a91eb9-0-0-3\" ><div\n\t\t\t\n\t\t\tclass=\"so-widget-sow-editor so-widget-sow-editor-base\"\n\t\t\t\n\t\t><h3 class=\"widget-title\">4\u00ba. Dia \u2013 FOZ de IGUA\u00c7U (visita Cataratas Argentinas) \/ PUERTO IGUAZU \/ BUENOS AIRES <\/h3>\n<div class=\"siteorigin-widget-tinymce textwidget\">\n\t<p style=\"text-align: justify;\">Pequeno-almo\u00e7o no hotel. De manh\u00e3, sa\u00edda para visita, em servi\u00e7o privado, das Cataratas do lado argentino. Parte da visita pelo parque \u00e9 realizada no comboio ecol\u00f3gico da selva, percorrendo diversos circuitos: o Paseo Inferior, Paseo Superior e a Garganta do Diabo.<\/p>\n<p style=\"text-align: justify;\">Paseo inferior, \u00e9 composto por um conjunto de passadi\u00e7os estrategicamente constru\u00eddos que permitem magnificas vistas das cataratas e um encontro pr\u00f3ximo com as cascatas e recantos encantadores da selva.<\/p>\n<p style=\"text-align: justify;\">Paseo superior, este circuito permite vistas panor\u00e2micas das cataratas do alto do Rio Igua\u00e7u (localmente poder\u00e1 adquirir a Grande Aventura, uma excurs\u00e3o que permite aproxima\u00e7\u00e3o \u00e0s cataratas).<\/p>\n<p style=\"text-align: justify;\">Garganta del Diablo, durante este percurso podermos ver a paisagem fascinante das ilhas e costa do Rio Igua\u00e7u antes de chegar \u00e0 Garganta del Diablo, a queda mais imponente das Cataratas de Igua\u00e7u; esta cascata em forma de ferradura, tem 150 mts de largura e 80mts de altura. No final da visita, transporte ao aeroporto de Puerto Iguazu. Formalidades de embarque e partida para Buenos Aires. Chegada e transporte privado para o hotel. Alojamento.<\/p>\n<\/div>\n<\/div><\/div><\/div><div id=\"panel-w69e5470a91eb9-0-0-4\" class=\"so-panel widget widget_sow-editor\" data-index=\"4\" ><div class=\"panel-widget-style panel-widget-style-for-w69e5470a91eb9-0-0-4\" ><div\n\t\t\t\n\t\t\tclass=\"so-widget-sow-editor so-widget-sow-editor-base\"\n\t\t\t\n\t\t><h3 class=\"widget-title\">5\u00ba. Dia \u2013 BUENOS AIRES (Visita da cidade) <\/h3>\n<div class=\"siteorigin-widget-tinymce textwidget\">\n\t<p style=\"text-align: justify;\">Pequeno-almo\u00e7o no hotel.\u00a0 De manh\u00e3 sa\u00edda para visita panor\u00e2mica da cidade. Descobriremos as belezas de Buenos de Aires conhecendo o Centro C\u00edvico, come\u00e7ando pelo imponente Congresso Nacional e Plaza de Mayo com a Casa de Governo (Casa Rosada), a Catedral Metropolitana e o Cabildo. Continua\u00e7\u00e3o, passando pelo Teatro Col\u00f3n, considerado como um dos teatros l\u00edricos mais importantes do mundo e o orgulho cultural dos portenhos. Em seguida, passaremos pelos tradicionais bairros de San Telmo e La Boca, onde se estabeleceram os primeiros imigrantes italianos e famoso pela sua arquitetura pitoresca e colorida. Continuaremos para o tur\u00edstico bairro de Palermo, famoso pelas suas atra\u00e7\u00f5es como o Ecoparque, o Parque 3 de Febrero (conhecido como Bosques de Palermo) e o Planet\u00e1rio.<br \/>\nPor fim, visitaremos La Recoleta, um dos bairros mais exclusivos da cidade, com as suas elegantes lojas, excelentes restaurante e esplanadas e o famoso cemit\u00e9rio.<\/p>\n<p style=\"text-align: justify;\">A visita termina no centro da cidade, sendo regresso para o hotel por conta pr\u00f3pria. Tarde livre. Alojamento.<\/p>\n<p>&nbsp;<\/p>\n<p style=\"text-align: justify;\"><strong>Nota:<\/strong> Possibilidade de realizar a visita de Buenos Aires em servi\u00e7o privado com guia, mediante suplemento.<\/p>\n<p>&nbsp;<\/p>\n<p style=\"text-align: justify;\">\u00c0 noite, sugerimos um <span style=\"color: #20b2aa;\"><strong>jantar com show de tango<\/strong><\/span>.<\/p>\n<\/div>\n<\/div><\/div><\/div><div id=\"panel-w69e5470a91eb9-0-0-5\" class=\"so-panel widget widget_sow-editor\" data-index=\"5\" ><div class=\"panel-widget-style panel-widget-style-for-w69e5470a91eb9-0-0-5\" ><div\n\t\t\t\n\t\t\tclass=\"so-widget-sow-editor so-widget-sow-editor-base\"\n\t\t\t\n\t\t><h3 class=\"widget-title\">6\u00ba. Dia \u2013 BUENOS AIRES \/ USHUAIA <\/h3>\n<div class=\"siteorigin-widget-tinymce textwidget\">\n\t<p style=\"text-align: justify;\">Pequeno-almo\u00e7o no hotel. Transporte privado para o aeroporto. Formalidades de embarque e partida com destino a Ushuaia, a cidade mais austral do mundo e capital da Terra do Fogo. Chegada e transporte regular para o hotel. Alojamento.<\/p>\n<\/div>\n<\/div><\/div><\/div><div id=\"panel-w69e5470a91eb9-0-0-6\" class=\"so-panel widget widget_sow-editor\" data-index=\"6\" ><div class=\"panel-widget-style panel-widget-style-for-w69e5470a91eb9-0-0-6\" ><div\n\t\t\t\n\t\t\tclass=\"so-widget-sow-editor so-widget-sow-editor-base\"\n\t\t\t\n\t\t><h3 class=\"widget-title\">7\u00ba. Dia \u2013 USHUAIA (Visita ao Parque Nacional Terra do Fogo e Tren del Fin del Mundo) <\/h3>\n<div class=\"siteorigin-widget-tinymce textwidget\">\n\t<p style=\"text-align: justify;\">Pequeno-almo\u00e7o no hotel. De manh\u00e3, sa\u00edda para visita ao Parque Nacional Terra do Fogo, situado a 12km da cidade, visitando os seus lagos, ribeiros, bosques e costas. Inclui percurso no \"TREN del FIN del MUNDO\".<\/p>\n<p style=\"text-align: justify;\">Seguiremos para a Bahia Ensenada, onde se observa uma magnifica vista das Ilhas Navarino e Hoste, que ficam na parte chilena do arquip\u00e9lago e ainda da Ilha Redonda. Dali, passaremos ao Lago Roca. A visita termina no Parque da Bah\u00eda Lapataia, lugar onde n\u00e3o s\u00f3 termina a \"Ruta Nacional 3\", como tamb\u00e9m \u00e9 local da uni\u00e3o dos limites Sul e Oeste. Regresso a Ushuaia. Tarde livre.<\/p>\n<p>&nbsp;<\/p>\n<p style=\"text-align: justify;\">De tarde sugerimos <span style=\"color: #20b2aa;\"><strong>visita opcional - \"Navega\u00e7\u00e3o no Canal Beagle\"<\/strong><\/span>;<\/p>\n<p style=\"text-align: justify;\">Sa\u00edda\u00a0\u00a0 do hotel para o porto mar\u00edtimo,\u00a0para navegar\u00a0pelo Canal Beagle, observando as costas argentinas\u00a0e\u00a0do lado oposto\u00a0a Ilha\u00a0Navarino (Chile).\u00a0Chegaremos ao Farol\u00a0Les Eclaireurs, emblema de Ushuaia. J\u00e1 no regresso, passaremos pelas Ilhas Bridges onde poder\u00e1 apreciar Lobos Marinhos e uma diversidade de p\u00e1ssaros. Regresso\u00a0a Ushuaia<\/p>\n<p>&nbsp;<\/p>\n<p style=\"text-align: justify;\">De meados de Outubro a\u00a0 Mar\u00e7o, possibilidade de continuar a <span style=\"color: #20b2aa;\"><strong>navega\u00e7\u00e3o at\u00e9 \u00e0 Ilha Martillo<\/strong><\/span>, para observar uma pequena col\u00f3nia de Pinguins.<\/p>\n<\/div>\n<\/div><\/div><\/div><div id=\"panel-w69e5470a91eb9-0-0-7\" class=\"so-panel widget widget_sow-editor\" data-index=\"7\" ><div class=\"panel-widget-style panel-widget-style-for-w69e5470a91eb9-0-0-7\" ><div\n\t\t\t\n\t\t\tclass=\"so-widget-sow-editor so-widget-sow-editor-base\"\n\t\t\t\n\t\t><h3 class=\"widget-title\">8\u00ba. Dia \u2013 USHUAIA \/ CALAFATE <\/h3>\n<div class=\"siteorigin-widget-tinymce textwidget\">\n\t<p style=\"text-align: justify;\">Pequeno-almo\u00e7o no hotel. Transporte regular\u00a0ao aeroporto. Formalidades de embarque e partida para Calafate. Chegada e transporte\u00a0regular para hotel. Alojamento.<\/p>\n<\/div>\n<\/div><\/div><\/div><div id=\"panel-w69e5470a91eb9-0-0-8\" class=\"so-panel widget widget_sow-editor\" data-index=\"8\" ><div class=\"panel-widget-style panel-widget-style-for-w69e5470a91eb9-0-0-8\" ><div\n\t\t\t\n\t\t\tclass=\"so-widget-sow-editor so-widget-sow-editor-base\"\n\t\t\t\n\t\t><h3 class=\"widget-title\">9\u00ba. Dia \u2013 CALAFATE (Visita ao Parque Nacional Perito Moreno)<\/h3>\n<div class=\"siteorigin-widget-tinymce textwidget\">\n\t<p style=\"text-align: justify;\">Pequeno-almo\u00e7o no hotel. Dia inteiro\u00a0de visita\u00a0regular ao Parque Nacional\u00a0Perito Moreno, situado a 80km de Calafate; durante o percurso podermos admirar o Lago Argentino e a Baia Redonda. Nos primeiros 40km, a estepe patag\u00f3nica domina a paisagem, em seguida, entrando no Parque Nacional Los Glaciares, predomina a vegeta\u00e7\u00e3o arb\u00f3rea. A viagem culmina nos passadi\u00e7os que podem ser percorridos livremente; t\u00eam uma extens\u00e3o de 4km e os seus degraus descem at\u00e9 se aproximarem a cerca de 300mts da frente do glaciar.\u00a0 Regresso a Calafate. Alojamento.<\/p>\n<p>&nbsp;<\/p>\n<p>Sugerimos o<span style=\"color: #20b2aa;\"><strong> passeio adicional durante a visita ao P.N. Perito Moreno: Saf\u00e1ri N\u00e1utico<\/strong><\/span><\/p>\n<p style=\"text-align: justify;\">Embarca-se no Porto Bajo de las Sombras e navega-se pelo Brazo Rico, em frente \u00e0 parede sul do Glaciar, a uma dist\u00e2ncia de cerca de 200 metros. Poderemos apreciar as majestosas paredes do glaciar que ultrapassam os 70 metros acima do n\u00edvel do lago. (Esta navega\u00e7\u00e3o n\u00e3o inclui desembarque e tem uma dura\u00e7\u00e3o de\u00a0 aproximadamente uma hora).<\/p>\n<\/div>\n<\/div><\/div><\/div><div id=\"panel-w69e5470a91eb9-0-0-9\" class=\"so-panel widget widget_sow-editor\" data-index=\"9\" ><div class=\"panel-widget-style panel-widget-style-for-w69e5470a91eb9-0-0-9\" ><div\n\t\t\t\n\t\t\tclass=\"so-widget-sow-editor so-widget-sow-editor-base\"\n\t\t\t\n\t\t><h3 class=\"widget-title\">10\u00ba. Dia \u2013 CALAFATE \/ BUENOS AIRES <\/h3>\n<div class=\"siteorigin-widget-tinymce textwidget\">\n\t<p style=\"text-align: justify;\">Pequeno-almo\u00e7o no hotel. Transporte regular para o aeroporto. Formalidades de embarque e partida para Buenos Aires. Chegada e transporte privado para o hotel. Alojamento.<\/p>\n<\/div>\n<\/div><\/div><\/div><div id=\"panel-w69e5470a91eb9-0-0-10\" class=\"so-panel widget widget_sow-editor\" data-index=\"10\" ><div class=\"panel-widget-style panel-widget-style-for-w69e5470a91eb9-0-0-10\" ><div\n\t\t\t\n\t\t\tclass=\"so-widget-sow-editor so-widget-sow-editor-base\"\n\t\t\t\n\t\t><h3 class=\"widget-title\">11\u00ba. Dia \u2013 BUENOS AIRES \/ PORTUGAL <\/h3>\n<div class=\"siteorigin-widget-tinymce textwidget\">\n\t<p style=\"text-align: justify;\">Pequeno-almo\u00e7o no hotel. Em hora a informar, transporte\u00a0privado\u00a0para o aeroporto. Formalidades de embarque e partida para Portugal, com mudan\u00e7a de avi\u00e3o em rota. Noite a bordo.<\/p>\n<\/div>\n<\/div><\/div><\/div><div id=\"panel-w69e5470a91eb9-0-0-11\" class=\"so-panel widget widget_sow-editor panel-last-child\" data-index=\"11\" ><div class=\"panel-widget-style panel-widget-style-for-w69e5470a91eb9-0-0-11\" ><div\n\t\t\t\n\t\t\tclass=\"so-widget-sow-editor so-widget-sow-editor-base\"\n\t\t\t\n\t\t><h3 class=\"widget-title\">12\u00ba. Dia \u2013 Chegada a PORTUGAL<\/h3>\n<div class=\"siteorigin-widget-tinymce textwidget\">\n\t<p>Chegada a Portugal.<br \/>\nFim dos nossos servi\u00e7os.<\/p>\n<\/div>\n<\/div><\/div><\/div><\/div><\/div><\/div>\t\t\t\t\t\t<\/div>\n\t\t\t\t\t\t\t\t\t\t\t<div class=\"tab-pane  fade\" id=\"tab-pre\u00e7os-e-condi\u00e7\u00f5es\" role=\"tabpanel\">\n\t\t\t\t\t\t\t<div id=\"pl-w69e5470a91ebd\"  class=\"panel-layout\" ><div id=\"pg-w69e5470a91ebd-0\"  class=\"panel-grid panel-no-style\" ><div id=\"pgc-w69e5470a91ebd-0-0\"  class=\"panel-grid-cell\" ><div id=\"panel-w69e5470a91ebd-0-0-0\" class=\"so-panel widget widget_sow-editor panel-first-child panel-last-child\" data-index=\"0\" ><div class=\"panel-widget-style panel-widget-style-for-w69e5470a91ebd-0-0-0\" ><div\n\t\t\t\n\t\t\tclass=\"so-widget-sow-editor so-widget-sow-editor-base\"\n\t\t\t\n\t\t>\n<div class=\"siteorigin-widget-tinymce textwidget\">\n\t<p><strong>DIAS de PARTIDA:<\/strong><\/p>\n<p>Di\u00e1rias\u00a0de 01 de Abril 2026 a 31 de Mar\u00e7o 2027<\/p>\n<p>&nbsp;<\/p>\n<p><strong>Pre\u00e7o por pessoa segundo ocupa\u00e7\u00e3o do quarto (m\u00ednimo 2 participantes<\/strong>):<\/p>\n<p>&nbsp;<\/p>\n<p><strong>HOT\u00c9IS PREVISTOS ou SIMILARES:<\/strong><\/p>\n<p>&nbsp;<\/p>\n<p><span style=\"color: #ef7a1b;\"><strong>Op\u00e7\u00e3o A)<\/strong><\/span><\/p>\n<p><strong>BUENOS AIRES<\/strong>\u00a0\u2013\u00a0<a href=\"https:\/\/kentonpalacebuenosaireshotel.com-hotel.com\/pt\/\" target=\"_blank\" rel=\"noopener\">Hotel Kenton Palace<\/a> 4*<\/p>\n<p><strong>USHUAIA<\/strong>\u00a0\u2013\u00a0 <a href=\"https:\/\/www.altosushuaia.com\/\" target=\"_blank\" rel=\"noopener\">Hotel Altos Ushuaia<\/a> 3*<\/p>\n<p><strong>CALAFATE<\/strong> \u2013 <a href=\"https:\/\/www.michelangelocalafate.com\/\" target=\"_blank\" rel=\"noopener\">Hotel Michelangelo<\/a> 3*<br \/>\n<strong>FOZ de IGUA\u00c7U<\/strong>\u00a0\u2013 <a href=\"https:\/\/www.vialehoteis.com.br\/\" target=\"_blank\" rel=\"noopener\">Hotel Viale Tower<\/a> 3*<\/p>\n<p>&nbsp;<\/p>\n<table>\n<tbody>\n<tr>\n<td>\n<p style=\"text-align: center;\"><strong>PER\u00cdODO<\/strong><\/p>\n<\/td>\n<td style=\"text-align: center;\"><strong>TRIPLO*<\/strong><\/td>\n<td style=\"text-align: center;\"><strong>DUPLO<\/strong><\/td>\n<td>\n<p style=\"text-align: center;\"><strong>SINGLE<\/strong><\/p>\n<\/td>\n<\/tr>\n<tr>\n<td>\n<p style=\"text-align: center;\"><strong>01\/04\/26 a 30\/09\/26<\/strong><\/p>\n<\/td>\n<td style=\"text-align: center;\">3.445,00 \u20ac<\/td>\n<td style=\"text-align: center;\">3.530,00 \u20ac<\/td>\n<td>\n<p style=\"text-align: center;\">4.010,00 \u20ac<\/p>\n<\/td>\n<\/tr>\n<tr>\n<td>\n<p style=\"text-align: center;\"><strong>01\/10\/26 a 31\/03\/27<\/strong><\/p>\n<\/td>\n<td style=\"text-align: center;\">3.515,00 \u20ac<\/td>\n<td style=\"text-align: center;\">3.605,00 \u20ac<\/td>\n<td>\n<p style=\"text-align: center;\">4.095,00 \u20ac<\/p>\n<\/td>\n<\/tr>\n<\/tbody>\n<\/table>\n<p>&nbsp;<\/p>\n<p><span style=\"color: #ef7a1b;\"><strong>Op\u00e7\u00e3o B)<\/strong><\/span><\/p>\n<p><strong>BUENOS AIRES<\/strong>\u00a0\u2013 <a href=\"https:\/\/www.designsuites.com\/buenos_aires.php\" target=\"_blank\" rel=\"noopener\">Hotel Design Suites Buenos Aires<\/a> 4*<\/p>\n<p><strong>USHUAIA\u00a0<\/strong>\u2013 <a href=\"https:\/\/fueguinohotel.com.ar\/\" target=\"_blank\" rel=\"noopener\">Hotel Fueguino<\/a> 4*<\/p>\n<p><strong>CALAFATE<\/strong>\u00a0\u2013 <a href=\"http:\/\/www.calafateparquehotel.com\" target=\"_blank\" rel=\"noopener\">Hotel\u00a0Calafate Parque<\/a> 4*<\/p>\n<p><strong>FOZ de IGUA\u00c7U \u2013 <\/strong><a href=\"https:\/\/www.vialehoteis.com.br\/\" target=\"_blank\" rel=\"noopener\">Hotel Viale das Cataratas<\/a> 4*<\/p>\n<p>&nbsp;<\/p>\n<table>\n<tbody>\n<tr>\n<td>\n<p style=\"text-align: center;\"><strong>PER\u00cdODO<\/strong><\/p>\n<\/td>\n<td style=\"text-align: center;\"><strong>TRIPLO*<\/strong><\/td>\n<td style=\"text-align: center;\"><strong>DUPLO<\/strong><\/td>\n<td style=\"text-align: center;\"><strong>SINGLE<\/strong><\/td>\n<\/tr>\n<tr>\n<td>\n<p style=\"text-align: center;\"><strong>01\/04\/26 a 30\/09\/26<\/strong><\/p>\n<\/td>\n<td style=\"text-align: center;\">3.580,00 \u20ac<\/td>\n<td style=\"text-align: center;\">3.690,00 \u20ac<\/td>\n<td>\n<p style=\"text-align: center;\">4.355,00 \u20ac<\/p>\n<\/td>\n<\/tr>\n<tr>\n<td>\n<p style=\"text-align: center;\"><strong>01\/10\/26 a 31\/10\/26<\/strong><\/p>\n<\/td>\n<td style=\"text-align: center;\">3.655,00 \u20ac<\/td>\n<td style=\"text-align: center;\">3.765,00 \u20ac<\/td>\n<td>\n<p style=\"text-align: center;\">4.445,00 \u20ac<\/p>\n<\/td>\n<\/tr>\n<tr>\n<td>\n<p style=\"text-align: center;\"><strong>01\/11\/26 a 31\/03\/27<\/strong><\/p>\n<\/td>\n<td style=\"text-align: center;\">3.710,00 \u20ac<\/td>\n<td style=\"text-align: center;\">3.830,00 \u20ac<\/td>\n<td>\n<p style=\"text-align: center;\">4.570,00 \u20ac<\/p>\n<\/td>\n<\/tr>\n<\/tbody>\n<\/table>\n<p>&nbsp;<\/p>\n<p><span style=\"color: #ef7a1b;\"><strong>Op\u00e7\u00e3o C)<\/strong><\/span><\/p>\n<p><strong>BUENOS AIRES<\/strong>\u00a0\u2013\u00a0<a href=\"https:\/\/www.ihg.com\/intercontinental\/hotels\/us\/en\/buenos-aires\" target=\"_blank\" rel=\"noopener\">Hotel Intercontinental<\/a> 5*<\/p>\n<p><strong>USHUAIA<\/strong>\u00a0\u2013 <a href=\"https:\/\/www.lashayas.com.ar\/\" target=\"_blank\" rel=\"noopener\">Hotel Las Hayas<\/a> 5*<\/p>\n<p><strong>CALAFATE\u00a0<\/strong>\u2013 <a href=\"https:\/\/pt.hotelxelena.com\/\" target=\"_blank\" rel=\"noopener\">Xelena Hotel &amp; Suites<\/a> 5*<\/p>\n<p><strong>FOZ de IGUA\u00c7U\u00a0\u2013 <\/strong><a href=\"http:\/\/www.recantocataratasresort.com.br\/\" target=\"_blank\" rel=\"noopener\">Hotel Recanto das Cataratas<\/a> 4*<\/p>\n<p>&nbsp;<\/p>\n<table>\n<tbody>\n<tr>\n<td>\n<p style=\"text-align: center;\"><strong>PER\u00cdODO<\/strong><\/p>\n<\/td>\n<td style=\"text-align: center;\"><strong>TRIPLO*<\/strong><\/td>\n<td style=\"text-align: center;\"><strong>DUPLO<\/strong><\/td>\n<td style=\"text-align: center;\"><strong>SINGLE<\/strong><\/td>\n<\/tr>\n<tr>\n<td>\n<p style=\"text-align: center;\"><strong>01\/04\/26 a 30\/09\/26<\/strong><\/p>\n<\/td>\n<td style=\"text-align: center;\">3.580,00 \u20ac<\/td>\n<td style=\"text-align: center;\">3.690,00 \u20ac<\/td>\n<td>\n<p style=\"text-align: center;\">4.355,00 \u20ac<\/p>\n<\/td>\n<\/tr>\n<tr>\n<td>\n<p style=\"text-align: center;\"><strong>01\/10\/26 a 30\/11\/26<\/strong><\/p>\n<\/td>\n<td style=\"text-align: center;\">4.000,00 \u20ac<\/td>\n<td style=\"text-align: center;\">4.195,00 \u20ac<\/td>\n<td>\n<p style=\"text-align: center;\">5.285,00 \u20ac<\/p>\n<\/td>\n<\/tr>\n<tr>\n<td>\n<p style=\"text-align: center;\"><strong>01\/12\/26 a 31\/03\/27<\/strong><\/p>\n<\/td>\n<td style=\"text-align: center;\">3.995,00 \u20ac<\/td>\n<td style=\"text-align: center;\">3.175,00 \u20ac<\/td>\n<td>\n<p style=\"text-align: center;\">5.245,00 \u20ac<\/p>\n<\/td>\n<\/tr>\n<\/tbody>\n<\/table>\n<p>&nbsp;<\/p>\n<p style=\"text-align: justify;\"><strong>Nota*:<\/strong> Os quartos triplos, s\u00e3o compostos por 1 ou 2 camas, mais 1 cama extra. As condi\u00e7\u00f5es de conforto s\u00e3o menores do que as dos quartos duplos. A reserva de um quarto triplo, implica a aceita\u00e7\u00e3o deste facto.<\/p>\n<p>&nbsp;<\/p>\n<table>\n<tbody>\n<tr>\n<td>\n<p style=\"text-align: center;\"><strong>Excurs\u00f5es OPCIONAIS (pre\u00e7o por pessoa):<\/strong><\/p>\n<\/td>\n<td>\n<p style=\"text-align: center;\"><strong>Pre\u00e7o<\/strong><\/p>\n<\/td>\n<\/tr>\n<tr>\n<td>\n<p style=\"text-align: center;\">Visita de Buenos Aires em privado (suplemento)<\/p>\n<\/td>\n<td>\n<p style=\"text-align: center;\">130,00 \u20ac<\/p>\n<\/td>\n<\/tr>\n<tr>\n<td>\n<p style=\"text-align: center;\">Jantar e Show Tango \u2013 Buenos Aires<\/p>\n<\/td>\n<td style=\"text-align: center;\">105,00 \u20ac<\/td>\n<\/tr>\n<tr>\n<td>\n<p style=\"text-align: center;\">Navega\u00e7\u00e3o no Canal Beagle \u2013 Ushuaia<\/p>\n<\/td>\n<td style=\"text-align: center;\">86,00 \u20ac<\/td>\n<\/tr>\n<tr>\n<td>\n<p style=\"text-align: center;\">Navega\u00e7\u00e3o no Canal Beagle + Pinguinera \u2013 Ushuaia (opera 15\/10 a 31\/03)<\/p>\n<\/td>\n<td style=\"text-align: center;\">129,00 \u20ac<\/td>\n<\/tr>\n<tr>\n<td>\n<p style=\"text-align: center;\">Safari Nautico \u2013 Calafate (complemento \u00e0 visita PN Perito Moreno)<\/p>\n<\/td>\n<td>\n<p style=\"text-align: center;\">62,00 \u20ac<\/p>\n<\/td>\n<\/tr>\n<\/tbody>\n<\/table>\n<p>&nbsp;<\/p>\n<p style=\"text-align: justify;\"><strong>Nota<\/strong>: Este programa foi calculado com base na companhia a\u00e9rea Air Europa (voos intercontinentais) em cabine econ\u00f3mica, tarifa em classe N. Caso n\u00e3o haja disponibilidade de lugares nessas tarifas, ser\u00e1 proposto em alternativa o escal\u00e3o tarif\u00e1rio seguinte dispon\u00edvel, ou outra companhia a\u00e9rea.<\/p>\n<p style=\"text-align: justify;\">Os voos internos na Argentina est\u00e3o calculados com base na Aerolineas Argentinas em classe H; caso n\u00e3o haja disponibilidade de lugares, ser\u00e1 proposto em alternativa o escal\u00e3o tarif\u00e1rio seguinte dispon\u00edvel, mediante suplemento a informar.<\/p>\n<p>&nbsp;<\/p>\n<p><strong>Suplemento de tarifa a\u00e9rea com Air Europa (Porto ou Lisboa):<\/strong><\/p>\n<p>&nbsp;<\/p>\n<table>\n<tbody>\n<tr>\n<td>\n<p style=\"text-align: center;\"><strong>Per\u00edodo:<\/strong><\/p>\n<\/td>\n<td style=\"text-align: center;\"><strong>Classe N<\/strong><\/td>\n<td style=\"text-align: center;\"><strong>Classe A<\/strong><\/td>\n<td style=\"text-align: center;\"><strong>Classe P<\/strong><\/td>\n<td>\n<p style=\"text-align: center;\"><strong>Classe Q<\/strong><\/p>\n<\/td>\n<\/tr>\n<tr>\n<td>\n<p style=\"text-align: center;\"><strong>01\/04\/26 a 24\/06\/26<\/strong><\/p>\n<\/td>\n<td style=\"text-align: center;\">Sem supl.<\/td>\n<td style=\"text-align: center;\">51,00 \u20ac<\/td>\n<td style=\"text-align: center;\">102,00 \u20ac<\/td>\n<td>\n<p style=\"text-align: center;\">153,00 \u20ac<\/p>\n<\/td>\n<\/tr>\n<tr>\n<td>\n<p style=\"text-align: center;\"><strong>25\/06\/26 a 08\/08\/26<\/strong><\/p>\n<\/td>\n<td style=\"text-align: center;\">169,00 \u20ac<\/td>\n<td style=\"text-align: center;\">217,00 \u20ac<\/td>\n<td style=\"text-align: center;\">264,00 \u20ac<\/td>\n<td>\n<p style=\"text-align: center;\">312,00 \u20ac<\/p>\n<\/td>\n<\/tr>\n<tr>\n<td>\n<p style=\"text-align: center;\"><strong>09\/08\/26 a 12\/12\/26<\/strong><\/p>\n<\/td>\n<td style=\"text-align: center;\">Sem supl.<\/td>\n<td style=\"text-align: center;\">51,00 \u20ac<\/td>\n<td style=\"text-align: center;\">102,00 \u20ac<\/td>\n<td>\n<p style=\"text-align: center;\">153,00 \u20ac<\/p>\n<\/td>\n<\/tr>\n<tr>\n<td>\n<p style=\"text-align: center;\"><strong>13\/12\/26 a 24\/12\/26<\/strong><\/p>\n<\/td>\n<td style=\"text-align: center;\">221,00 \u20ac<\/td>\n<td style=\"text-align: center;\">278,00 \u20ac<\/td>\n<td style=\"text-align: center;\">335,00 \u20ac<\/td>\n<td>\n<p style=\"text-align: center;\">392,00 \u20ac<\/p>\n<\/td>\n<\/tr>\n<tr>\n<td>\n<p style=\"text-align: center;\"><strong>25\/12\/26 a 31\/03\/27<\/strong><\/p>\n<\/td>\n<td style=\"text-align: center;\">31,00 \u20ac<\/td>\n<td style=\"text-align: center;\">93,00 \u20ac<\/td>\n<td style=\"text-align: center;\">115,00 \u20ac<\/td>\n<td>\n<p style=\"text-align: center;\">217,00 \u20ac<\/p>\n<\/td>\n<\/tr>\n<\/tbody>\n<\/table>\n<p>&nbsp;<\/p>\n<p>&nbsp;<\/p>\n<p><strong>Bagagem:<\/strong><br \/>\nNos voos internos na Argentina, o peso da bagagem transportada gratuitamente \u00e9 o seguinte:<br \/>\na) Bagagem despachada (por\u00e3o) =\u00a015 Kg por pessoa<br \/>\nb)\u00a0Bagagem de cabine (m\u00e3o) = 8 Kg por pessoa<\/p>\n<p>&nbsp;<\/p>\n<p><strong>O pre\u00e7o inclui: <\/strong><\/p>\n<p style=\"text-align: justify;\">- Passagem a\u00e9rea em voos regulares, em classe econ\u00f3mica, para o percurso indicado, incluindo o transporte de bagagem de por\u00e3o;<\/p>\n<p style=\"text-align: justify;\">- Taxas de aeroporto, seguran\u00e7a e combust\u00edvel no valor de 636,00 \u20ac (sujeito a altera\u00e7\u00e3o, a reconfirmar no dia da emiss\u00e3o dos bilhetes);<\/p>\n<p style=\"text-align: justify;\">- Transporte aeroporto\/hotel\/aeroporto em servi\u00e7o privado ou\u00a0 regular (em conjunto com outras pessoas) de acordo indicado no itiner\u00e1rio;<\/p>\n<p style=\"text-align: justify;\">- Alojamento nos hot\u00e9is previstos ou similares, em quarto standard, com pequeno-almo\u00e7o;<\/p>\n<p style=\"text-align: justify;\">- Visitas em servi\u00e7o\u00a0 regular (em conjunto com outras pessoas) ou privado, de acordo com o indicado no itiner\u00e1rio, acompanhadas de guia local de l\u00edngua espanhola;<\/p>\n<p style=\"text-align: justify;\">- Visitas das Cataratas de Igua\u00e7u ( brasileiras e argentinas) acompanhadas de guia local de l\u00edngua portuguesa;<\/p>\n<p>- Entradas nos parques nacionais indicados no itiner\u00e1rio;<\/p>\n<p>- Percurso no \"Tren del fin del Mundo\" em Ushuaia;<\/p>\n<p>- Taxas de servi\u00e7o e IVA;<\/p>\n<p>- Seguro de viagem.<\/p>\n<p>&nbsp;<\/p>\n<p><strong>O pre\u00e7o n\u00e3o inclui:<\/strong><\/p>\n<p>- Gratifica\u00e7\u00f5es;<\/p>\n<p>- Extras de car\u00e1cter pessoal;<\/p>\n<p>- Todos os servi\u00e7os n\u00e3o indicados como inclu\u00eddos;<\/p>\n<p>&nbsp;<\/p>\n<p><strong>Seguro de viagem:<\/strong><b><br \/>\n<\/b>- Todas as viagens organizadas pela MundoNovo Viagens est\u00e3o cobertas por um seguro de viagem (<a href=\"https:\/\/www.mundonovoviagens.pt\/wp-content\/uploads\/2025\/02\/MundoNovo-Multiviagens-Plus-1.pdf?x48172&amp;x23938&amp;x23938\" target=\"_blank\" rel=\"noopener\">Multiviagens Plus 1<\/a>);<br \/>\n- Adicionalmente propomos o seguro\u00a0<a href=\"https:\/\/www.mundonovoviagens.pt\/wp-content\/uploads\/2025\/02\/MundoNovo-Multiviagens-Premium.pdf?x48172&amp;x23938&amp;x23938\" target=\"_blank\" rel=\"noopener\">Multiviagens Premium<\/a>\u00a0(valor das coberturas superior), mediante um suplemento de 30\u20ac por pessoa;<br \/>\n- As condi\u00e7\u00f5es gerais de cada seguro poder\u00e3o ser consultadas na p\u00e1gina inicial do nosso site.<\/p>\n<p>&nbsp;<\/p>\n<p><strong>Condi\u00e7\u00f5es gerais de reserva e cancelamento:<\/strong><b><br \/>\n<\/b>Consultar a ficha de informa\u00e7\u00e3o normalizada (<a href=\"https:\/\/www.mundonovoviagens.pt\/index.php\/ficha-de-informacao-normalizada\/\" target=\"_blank\" rel=\"noopener\">FIN<\/a>) e\u00a0<a href=\"https:\/\/www.mundonovoviagens.pt\/index.php\/condicoes-gerais\/\" target=\"_blank\" rel=\"noopener\">condi\u00e7\u00f5es gerais<\/a>\u00a0indicadas no site.<\/p>\n<\/div>\n<\/div><\/div><\/div><\/div><\/div><\/div>\t\t\t\t\t\t<\/div>\n\t\t\t\t\t\t\t\t\t\t\t<div class=\"tab-pane  fade\" id=\"tab-informa\u00e7\u00f5es-destino\" role=\"tabpanel\">\n\t\t\t\t\t\t\t<div id=\"pl-w69e5470a91ebf\"  class=\"panel-layout\" ><div id=\"pg-w69e5470a91ebf-0\"  class=\"panel-grid panel-no-style\" ><div id=\"pgc-w69e5470a91ebf-0-0\"  class=\"panel-grid-cell\" ><div id=\"panel-w69e5470a91ebf-0-0-0\" class=\"so-panel widget widget_sow-editor panel-first-child panel-last-child\" data-index=\"0\" ><div class=\"panel-widget-style panel-widget-style-for-w69e5470a91ebf-0-0-0\" ><div\n\t\t\t\n\t\t\tclass=\"so-widget-sow-editor so-widget-sow-editor-base\"\n\t\t\t\n\t\t>\n<div class=\"siteorigin-widget-tinymce textwidget\">\n\t<p><span style=\"text-decoration: underline;\"><strong>Argentina<\/strong><\/span><\/p>\n<p>&nbsp;<\/p>\n<p style=\"text-align: justify;\"><strong>1 - Requisitos de entrada<br \/>\n<\/strong>Os cidad\u00e3os portugueses necessitam de passaporte com validade m\u00ednima de 6 meses \u00e0 data de sa\u00edda do pa\u00eds. N\u00e3o \u00e9 obrigat\u00f3rio visto.<\/p>\n<p>&nbsp;<\/p>\n<p><strong>2 \u2013 Vacinas \/ Sa\u00fade<br \/>\n<\/strong>Vacina obrigat\u00f3ria: nenhuma.<br \/>\n\u00c9 obrigat\u00f3ria a vacina da\u00a0febre amarela e c\u00f3lera para viajantes provenientes de zonas afetadas.<\/p>\n<p>&nbsp;<\/p>\n<p style=\"text-align: justify;\"><strong>3 \u2013 Clima<br \/>\n<\/strong>Dada a extens\u00e3o do pa\u00eds, regista-se uma diversidade de climas, que v\u00e3o desde quase tropical no norte, clima temperado em Buenos Aires e Pampas, clima frio e ventoso na Patag\u00f3nia e subpolar na Terra do Fogo.<br \/>\nEm Buenos Aires as temperaturas oscilam entre os 11\u00ba\/15\u00ba C em julho e 25\u00ba\/30\u00ba C em janeiro.<br \/>\nEm Puerto Madryn, na costa atl\u00e2ntica, a temperatura m\u00e9dia no inverno (julho) \u00e9 de 7\u00baC, e no ver\u00e3o (janeiro), sobre at\u00e9 aos 20\u00ba C.<br \/>\nNo extremo sul da Patag\u00f3nia e na Terra do Fogo, o clima \u00e9 oce\u00e2nico, frio com temperaturas m\u00e9dias pr\u00f3ximas dos 0\u00baC no inverno e cerca de 10\u00baC no ver\u00e3o.<\/p>\n<p style=\"text-align: justify;\"><strong>\u00a0<\/strong><\/p>\n<p style=\"text-align: justify;\"><strong>4 \u2013 Idioma<br \/>\n<\/strong>A l\u00edngua oficial \u00e9 o castelhano.<\/p>\n<p>&nbsp;<\/p>\n<p style=\"text-align: justify;\"><strong>5 - Moeda<br \/>\n<\/strong>A moeda local \u00e9 o Peso. A moeda internacional de refer\u00eancia \u00e9 o d\u00f3lar americano, normalmente aceite nos bancos e casas de c\u00e2mbio. Os principais cart\u00f5es de cr\u00e9dito s\u00e3o aceites. Existe uma boa cobertura de ATM.<\/p>\n<p>&nbsp;<\/p>\n<p><strong>6 - Diferen\u00e7a hor\u00e1ria<br \/>\n<\/strong>GMT\/UTC -3<\/p>\n<p><strong>\u00a0<\/strong><\/p>\n<p><strong>7 - Eletricidade<br \/>\n<\/strong>220 V \/50Hc (tomadas tipo C e I)<\/p>\n<p>&nbsp;<\/p>\n<p><strong>8 \u2013 Representa\u00e7\u00e3o diplom\u00e1tica\/ consular<br \/>\n<\/strong>Embaixada de Portugal em Buenos Aires.<br \/>\nMais informa\u00e7\u00f5es: <a href=\"https:\/\/portaldascomunidades.mne.gov.pt\/pt\/\" target=\"_blank\" rel=\"noopener\">www.portaldascomunidades.mne.pt<\/a><\/p>\n<p>&nbsp;<\/p>\n<p><strong>9 - Site oficial do turismo<\/strong>:\u00a0<a href=\"http:\/\/www.argentina.travel\/pt\" target=\"_blank\" rel=\"noopener\">www.argentina.travel\/pt<\/a><\/p>\n<p>&nbsp;<\/p>\n<p><strong><u>Brasil<\/u><\/strong><\/p>\n<p>&nbsp;<\/p>\n<p style=\"text-align: justify;\"><strong>1 - Requisitos de entrada<br \/>\n<\/strong>Os cidad\u00e3os portugueses necessitam de passaporte com a validade m\u00ednima de 6 meses \u00e0 data de sa\u00edda do pa\u00eds. N\u00e3o \u00e9 obrigat\u00f3rio visto.<\/p>\n<p><strong>\u00a0<\/strong><\/p>\n<p style=\"text-align: justify;\"><strong>2 \u2013 Vacinas \/ Sa\u00fade<br \/>\n<\/strong>Vacina obrigat\u00f3ria: nenhuma.<br \/>\nRecomenda-se a vacina da\u00a0febre amarela e hepatite.<br \/>\n\u00c9 obrigat\u00f3ria a vacina da\u00a0febre amarela para viajantes provenientes de zonas afetadas.<br \/>\nAconselha-se a utiliza\u00e7\u00e3o de repelentes de insectos. \u00c9 geralmente recomend\u00e1vel o consumo de \u00e1gua engarrafada, sendo de evitar as saladas cruas em locais de higiene duvidosa.<br \/>\nPara outras vacinas aconselhamos a \"consulta do viajante\" <a href=\"https:\/\/www.sns24.gov.pt\/guia\/consulta-do-viajante\/\" target=\"_blank\" rel=\"noopener\">www.sns24.gov.pt\/guia\/consulta-do-viajante\/<\/a>.<\/p>\n<p>&nbsp;<\/p>\n<p style=\"text-align: justify;\"><strong>3 - Clima<br \/>\n<\/strong>Dada a extens\u00e3o do pa\u00eds, registam-se grandes varia\u00e7\u00f5es clim\u00e1ticas entre regi\u00f5es.<br \/>\nNa Amaz\u00f3nia o clima \u00e9 equatorial, com temperaturas elevadas e precipita\u00e7\u00f5es ao longo de todo o ano. No sul, o clima passa a tropical h\u00famido, com altern\u00e2ncia entre a esta\u00e7\u00e3o das chuvas e a esta\u00e7\u00e3o seca. As regi\u00f5es mais meridionais apresentam um clima subtropical h\u00famido, com maiores oscila\u00e7\u00f5es t\u00e9rmicas ao longo do ano.<\/p>\n<p>&nbsp;<\/p>\n<p><strong>4 - Idioma<\/strong><br \/>\nA l\u00edngua oficial \u00e9 o portugu\u00eas.<\/p>\n<p>&nbsp;<\/p>\n<p style=\"text-align: justify;\"><strong>5 - Moeda<\/strong><br \/>\nA moeda oficial \u00e9 o Real.<br \/>\nOs principais cart\u00f5es de cr\u00e9dito s\u00e3o aceites nos hot\u00e9is e em algumas lojas e restaurantes. \u00c9 poss\u00edvel utilizar as caixas ATM 24h em alguns bancos.<\/p>\n<p>&nbsp;<\/p>\n<p><strong>6 -\u00a0Diferen\u00e7a Hor\u00e1ria<br \/>\n<\/strong>UTC\/GMT -02 a -05<\/p>\n<p>&nbsp;<\/p>\n<p><strong>7- Eletricidade<br \/>\n<\/strong>127 e 220 V \/ 60 Hz (tomadas tipo C e N)<\/p>\n<p>&nbsp;<\/p>\n<p><strong>8 \u2013 Representa\u00e7\u00e3o diplom\u00e1tica\/ consular<br \/>\n<\/strong>Sec\u00e7\u00e3o consular da Embaixada de Portugal em Bras\u00edlia e consulados gerais em diversas cidades do pa\u00eds.<br \/>\nMais informa\u00e7\u00f5es: <a href=\"https:\/\/portaldascomunidades.mne.gov.pt\/pt\/\" target=\"_blank\" rel=\"noopener\">www.portaldascomunidades.mne.pt\/<\/a><\/p>\n<p>&nbsp;<\/p>\n<p><strong>9 \u2013 Site oficial do turismo: <\/strong><a href=\"https:\/\/visitbrasil.com\/pt\/\" target=\"_blank\" rel=\"noopener\">www.visitbrasil.com\/pt\/<\/a><\/p>\n<\/div>\n<\/div><\/div><\/div><\/div><\/div><\/div>\t\t\t\t\t\t<\/div>\n\t\t\t\t\t\t\t\t\t\t<\/div>\n\t\t\t\t\t\t\t<\/div>\n\n\t\t\t<\/div><div id=\"panel-1287-0-0-1\" class=\"so-panel widget widget_sow-button panel-last-child\" data-index=\"1\" ><div\n\t\t\t\n\t\t\tclass=\"so-widget-sow-button so-widget-sow-button-flat-95cda3216a70-1287\"\n\t\t\t\n\t\t><div class=\"ow-button-base ow-button-align-center\">\n\t<a\n\thref=\"https:\/\/www.mundonovoviagens.pt\/index.php\/contactos\/?wpf62_6=Assunto:%20552%20-%20Patagonia%20Classica%20com%20Cataratas%20de%20Iguacu%20-%2012%20dias\"\n\t\tclass=\"ow-icon-placement-left ow-button-hover\" \t>\n\t\t<span>\n\t\t\t\n\t\t\tCONTACTE-NOS\t\t<\/span>\n\t<\/a>\n<\/div>\n<\/div><\/div><\/div><\/div><\/div>","protected":false},"excerpt":{"rendered":"<p style=\"text-align: center;\"><strong>Foz de Igua\u00e7u, Cataratas de Igua\u00e7u, <\/strong><strong>Buenos Aires, Ushuaia, Parque Nacional\u00a0 Terra do Fogo, Calafate e\u00a0 Parque Nacional Perito Moreno<\/strong><\/p>\n","protected":false},"featured_media":1288,"template":"","meta":[],"product_brand":[],"product_cat":[15],"product_tag":[619,625,620,813,630,814,812,824,810],"class_list":{"0":"post-1287","1":"product","2":"type-product","3":"status-publish","4":"has-post-thumbnail","6":"product_cat-europa","7":"product_tag-argentina","8":"product_tag-brasil","9":"product_tag-buenos-aires","10":"product_tag-calafate","11":"product_tag-cataratas-iguacu","12":"product_tag-patagonia","13":"product_tag-perito-moreno","14":"product_tag-terra-fogo","15":"product_tag-ushuaia","17":"first","18":"instock","19":"shipping-taxable","20":"product-type-simple"},"_links":{"self":[{"href":"https:\/\/www.mundonovoviagens.pt\/index.php\/wp-json\/wp\/v2\/product\/1287","targetHints":{"allow":["GET"]}}],"collection":[{"href":"https:\/\/www.mundonovoviagens.pt\/index.php\/wp-json\/wp\/v2\/product"}],"about":[{"href":"https:\/\/www.mundonovoviagens.pt\/index.php\/wp-json\/wp\/v2\/types\/product"}],"wp:featuredmedia":[{"embeddable":true,"href":"https:\/\/www.mundonovoviagens.pt\/index.php\/wp-json\/wp\/v2\/media\/1288"}],"wp:attachment":[{"href":"https:\/\/www.mundonovoviagens.pt\/index.php\/wp-json\/wp\/v2\/media?parent=1287"}],"wp:term":[{"taxonomy":"product_brand","embeddable":true,"href":"https:\/\/www.mundonovoviagens.pt\/index.php\/wp-json\/wp\/v2\/product_brand?post=1287"},{"taxonomy":"product_cat","embeddable":true,"href":"https:\/\/www.mundonovoviagens.pt\/index.php\/wp-json\/wp\/v2\/product_cat?post=1287"},{"taxonomy":"product_tag","embeddable":true,"href":"https:\/\/www.mundonovoviagens.pt\/index.php\/wp-json\/wp\/v2\/product_tag?post=1287"}],"curies":[{"name":"wp","href":"https:\/\/api.w.org\/{rel}","templated":true}]}}