{"id":653,"date":"2022-06-04T22:58:45","date_gmt":"2022-06-04T22:58:45","guid":{"rendered":"https:\/\/www.mundonovoviagens.pt\/?post_type=product&#038;p=653"},"modified":"2025-11-05T16:52:18","modified_gmt":"2025-11-05T15:52:18","slug":"362-grande-circuito-do-senegal-16-dias","status":"publish","type":"product","link":"https:\/\/www.mundonovoviagens.pt\/index.php\/produto\/362-grande-circuito-do-senegal-16-dias\/","title":{"rendered":"362 \u2013 Grande Circuito do Senegal &#8211; 16 dias"},"content":{"rendered":"<div id=\"pl-653\"  class=\"panel-layout\" ><div id=\"pg-653-0\"  class=\"panel-grid panel-no-style\" ><div id=\"pgc-653-0-0\"  class=\"panel-grid-cell\" ><div id=\"panel-653-0-0-0\" class=\"so-panel widget widget_pt_tabs pt-widget-tabs panel-first-child\" data-index=\"0\" >\t\t\t<div class=\"pt-tabs\">\n\t\t\t\t\n\t\t\t\t\t\t\t\t\t<ul class=\"pt-tabs__navigation  nav  nav-tabs\" role=\"tablist\">\n\t\t\t\t\t\t\t\t\t\t\t\t\t<li class=\"nav-item\">\n\t\t\t\t\t\t\t\t<a class=\"nav-link  active\" data-toggle=\"tab\" href=\"#tab-itiner\u00c1rio\" role=\"tab\">ITINER\u00c1RIO<\/a>\n\t\t\t\t\t\t\t<\/li>\n\t\t\t\t\t\t\t\t\t\t\t\t\t<li class=\"nav-item\">\n\t\t\t\t\t\t\t\t<a class=\"nav-link\" data-toggle=\"tab\" href=\"#tab-pre\u00e7os-e-condi\u00e7\u00f5es\" role=\"tab\">Pre\u00e7os e Condi\u00e7\u00f5es<\/a>\n\t\t\t\t\t\t\t<\/li>\n\t\t\t\t\t\t\t\t\t\t\t\t\t<li class=\"nav-item\">\n\t\t\t\t\t\t\t\t<a class=\"nav-link\" data-toggle=\"tab\" href=\"#tab-informa\u00e7\u00f5es-destino\" role=\"tab\">Informa\u00e7\u00f5es Destino<\/a>\n\t\t\t\t\t\t\t<\/li>\n\t\t\t\t\t\t\t\t\t\t\t<\/ul>\n\n\t\t\t\t\t<div class=\"pt-tabs__content  tab-content\">\n\t\t\t\t\t\t\t\t\t\t\t<div class=\"tab-pane  fade  in  active\" id=\"tab-itiner\u00c1rio\" role=\"tabpanel\">\n\t\t\t\t\t\t\t<div id=\"pl-w690b72b2ce326\"  class=\"panel-layout\" ><div id=\"pg-w690b72b2ce326-0\"  class=\"panel-grid panel-no-style\" ><div id=\"pgc-w690b72b2ce326-0-0\"  class=\"panel-grid-cell\" ><div id=\"panel-w690b72b2ce326-0-0-0\" class=\"so-panel widget widget_sow-editor panel-first-child\" data-index=\"0\" ><div class=\"panel-widget-style panel-widget-style-for-w690b72b2ce326-0-0-0\" ><div\n\t\t\t\n\t\t\tclass=\"so-widget-sow-editor so-widget-sow-editor-base\"\n\t\t\t\n\t\t><h3 class=\"widget-title\">1\u00ba. Dia - PORTUGAL \/ DAKAR <\/h3>\n<div class=\"siteorigin-widget-tinymce textwidget\">\n\t<p style=\"text-align: justify;\">Compar\u00eancia no aeroporto 120 minutos antes da hora prevista para a sa\u00edda. Formalidades de embarque e partida para Dakar, com mudan\u00e7a de avi\u00e3o em rota. Chegada, assist\u00eancia, transporte para o hotel e alojamento.<\/p>\n<\/div>\n<\/div><\/div><\/div><div id=\"panel-w690b72b2ce326-0-0-1\" class=\"so-panel widget widget_sow-editor\" data-index=\"1\" ><div class=\"panel-widget-style panel-widget-style-for-w690b72b2ce326-0-0-1\" ><div\n\t\t\t\n\t\t\tclass=\"so-widget-sow-editor so-widget-sow-editor-base\"\n\t\t\t\n\t\t><h3 class=\"widget-title\">2\u00ba. Dia - DAKAR \/ ILHA GOR\u00c9E \/ LAGO ROSA <\/h3>\n<div class=\"siteorigin-widget-tinymce textwidget\">\n\t<p style=\"text-align: justify;\">Pequeno-almo\u00e7o no hotel. De manh\u00e3, sa\u00edda para visita de Dakar, admirando os edif\u00edcios coloniais daquela que foi a capital da \u00c1frica francesa, com a Pra\u00e7a da Independ\u00eancia, C\u00e2mara de Com\u00e9rcio e Pal\u00e1cio Presidencial. Visita a alguns dos coloridos mercados de flores e artesanato. Seguimos para o cais de Dakar, para embarque em ferry para a Ilha de Gor\u00e9e. Visita a p\u00e9 da Casa dos Escravos (encerrado \u00e0 segunda-feira), museu emblem\u00e1tico da ilha e onde eram mantidos os escravos antes da sua partida para a Am\u00e9rica, foi classificado Patrim\u00f3nio da Humanidade pela UNESCO. Tempo livre para almo\u00e7o (n\u00e3o inclu\u00eddo) em Gor\u00e9e e regresso a Dakar. De tarde, continua\u00e7\u00e3o para o Lago Rosa. Chegada, jantar e alojamento no lodge.<\/p>\n<p>&nbsp;<\/p>\n<p><strong><span style=\"color: #0000ff;\">NOTA<\/span>:<\/strong> Devido \u00e0s fortes chuvas do ver\u00e3o 2022, o lago perdeu a sua cor caracter\u00edstica.<\/p>\n<\/div>\n<\/div><\/div><\/div><div id=\"panel-w690b72b2ce326-0-0-2\" class=\"so-panel widget widget_sow-editor\" data-index=\"2\" ><div class=\"panel-widget-style panel-widget-style-for-w690b72b2ce326-0-0-2\" ><div\n\t\t\t\n\t\t\tclass=\"so-widget-sow-editor so-widget-sow-editor-base\"\n\t\t\t\n\t\t><h3 class=\"widget-title\">3\u00ba. Dia \u2013 LAGO ROSA \/ SAINT LOUIS<\/h3>\n<div class=\"siteorigin-widget-tinymce textwidget\">\n\t<p style=\"text-align: justify;\">Pequeno-almo\u00e7o no hotel. Sa\u00edda em dire\u00e7\u00e3o ao Lago Rosa, tamb\u00e9m conhecido por Lago Retba, o seu nome deve-se \u00e0 cor ros\u00e1cea das suas \u00e1guas e durante muitos anos foi o fim da \u00faltima etapa do rali Paris \u2013 Dakar. Passeio em ve\u00edculo todo-o-terreno, pr\u00f3ximo ao lago para ver de perto o processo de extra\u00e7\u00e3o tradicional do sal, visita das aldeias n\u00f3madas que vivem junto ao lago. Sa\u00edda em direc\u00e7\u00e3o a Saint Louis, a capital da regi\u00e3o norte, visitando em caminho, algumas aldeias, travessia da famosa ponte Faidherbe, que une a cidade de Saint Louis ao continente africano.<br \/>\nDe tarde, visita da cidade, em caleche, de marcada tra\u00e7a colonial, admirando a beleza arquitect\u00f3nica das casas coloniais e do famoso bairro dos pescadores de Guet Ndar. Chegada ao hotel, jantar e alojamento.<\/p>\n<\/div>\n<\/div><\/div><\/div><div id=\"panel-w690b72b2ce326-0-0-3\" class=\"so-panel widget widget_sow-editor\" data-index=\"3\" ><div class=\"panel-widget-style panel-widget-style-for-w690b72b2ce326-0-0-3\" ><div\n\t\t\t\n\t\t\tclass=\"so-widget-sow-editor so-widget-sow-editor-base\"\n\t\t\t\n\t\t><h3 class=\"widget-title\">4\u00ba. Dia \u2013 SAINT LOUIS \/ PARQUE de DJOUDJ ou LANGUE de BARBARIE \/ DESERTO LOMPOUL<\/h3>\n<div class=\"siteorigin-widget-tinymce textwidget\">\n\t<p>NOVEMBRO a ABRIL:<\/p>\n<p style=\"text-align: justify;\">Pequeno-almo\u00e7o no hotel. De manh\u00e3, sa\u00edda para o Parque Ornitol\u00f3gico de Djoudj, a 3\u00aa maior reserva ornitol\u00f3gica do mundo, declarado Patrim\u00f3nio Mundial pela Unesco. Percorreremos em piroga este espa\u00e7o de 16.000 hectares, constitu\u00eddo por lagos e p\u00e2ntanos, onde mais de dois milh\u00f5es de aves v\u00eam passar o inverno. Mais de 350 esp\u00e9cies de aves que poderemos ver durante o passeio, assim como poderemos ver alguns mam\u00edferos como javalis e crocodilos. Terminada a visita, regresso a Saint Louis. Tempo livre para almo\u00e7o (n\u00e3o inclu\u00eddo). \u00a0Continua\u00e7\u00e3o para sul, \u00fanica zona do pa\u00eds onde existe um deserto. Chegada ao lodge, passeio pelas dunas para admirar o p\u00f4r-do-sol. Jantar e alojamento.<\/p>\n<p>MAIO a OUTUBRO:<\/p>\n<p style=\"text-align: justify;\">Pequeno-almo\u00e7o no hotel. De manh\u00e3, sa\u00edda para a Reserva de Barbarie. A bordo de uma piroga, cruzaremos o rio Senegal e poderemos descobrir uma imensa variedade de p\u00e1ssaros que nidificam nas \u00e1guas mornas do Senegal, entre os quais, pelicanos, gaivotas, gar\u00e7as, corvos-marinhos, entre outros. Continua\u00e7\u00e3o para sul, \u00fanica zona do pa\u00eds onde existe um deserto. Chegada ao lodge, passeio pelas dunas para admirar o p\u00f4r-do-sol. Jantar e alojamento.<\/p>\n<\/div>\n<\/div><\/div><\/div><div id=\"panel-w690b72b2ce326-0-0-4\" class=\"so-panel widget widget_sow-editor\" data-index=\"4\" ><div class=\"panel-widget-style panel-widget-style-for-w690b72b2ce326-0-0-4\" ><div\n\t\t\t\n\t\t\tclass=\"so-widget-sow-editor so-widget-sow-editor-base\"\n\t\t\t\n\t\t><h3 class=\"widget-title\">5\u00ba. Dia \u2013 DESERTO LAMPOUL \/ SALOUM <\/h3>\n<div class=\"siteorigin-widget-tinymce textwidget\">\n\t<p style=\"text-align: justify;\">Pequeno-almo\u00e7o no hotel. De manh\u00e3, sa\u00edda para Saloum. Durante o percurso, teremos a oportunidade de admirar em algumas zonas, as majestosas \u00e1rvores baobabs. Passagem por Mekhe e tempo livre para conhecer o seu artesanato local. Mekhe \u00e9 uma cidade conhecida pelo fabrico local de cal\u00e7ado e pelos seus produtos de cestaria. Chegada a Saloum, jantar e alojamento no lodge.<\/p>\n<\/div>\n<\/div><\/div><\/div><div id=\"panel-w690b72b2ce326-0-0-5\" class=\"so-panel widget widget_sow-editor\" data-index=\"5\" ><div class=\"panel-widget-style panel-widget-style-for-w690b72b2ce326-0-0-5\" ><div\n\t\t\t\n\t\t\tclass=\"so-widget-sow-editor so-widget-sow-editor-base\"\n\t\t\t\n\t\t><h3 class=\"widget-title\">6\u00ba. Dia \u2013 SALOUM<\/h3>\n<div class=\"siteorigin-widget-tinymce textwidget\">\n\t<p style=\"text-align: justify;\">Pequeno-almo\u00e7o no hotel. A regi\u00e3o de Saloum, \u00e9 um conjunto de ilhas localizadas entre bosques e mangais. Passeio em piroga, o meio de transporte local mais utilizado na zona, para descobrir um dos ecossistemas mais ricos do pa\u00eds, povoado pelos Niominkas, pescadores habitantes das ilhas, passagem pelos mangais em cujas ra\u00edzes se encontram ostras e uma grande variedade de p\u00e1ssaros que fazem parte da Reserva do Delta do Salou. Visita ainda de uma aldeia local e almo\u00e7o inclu\u00eddo. Regresso ao lodge, jantar e alojamento.<\/p>\n<\/div>\n<\/div><\/div><\/div><div id=\"panel-w690b72b2ce326-0-0-6\" class=\"so-panel widget widget_sow-editor\" data-index=\"6\" ><div class=\"panel-widget-style panel-widget-style-for-w690b72b2ce326-0-0-6\" ><div\n\t\t\t\n\t\t\tclass=\"so-widget-sow-editor so-widget-sow-editor-base\"\n\t\t\t\n\t\t><h3 class=\"widget-title\">7\u00ba Dia \u2013 SALOUM \/ TAMBACOUNDA<\/h3>\n<div class=\"siteorigin-widget-tinymce textwidget\">\n\t<p style=\"text-align: justify;\">Pequeno-almo\u00e7o no hotel. De manh\u00e3, sa\u00edda para Tambacounda. Em caminho, visitaremos as aldeias das diferentes etnias que povoam esta parte do pa\u00eds. Chegada a Tamba, antiga capital do imp\u00e9rio Mandinga e actualmente, convertido num centro comercial entre as etnias procedentes da Guin\u00e9, Mali e Senegal. De tarde, visita panor\u00e2mica da cidade. Jantar e alojamento no hotel.<\/p>\n<\/div>\n<\/div><\/div><\/div><div id=\"panel-w690b72b2ce326-0-0-7\" class=\"so-panel widget widget_sow-editor\" data-index=\"7\" ><div class=\"panel-widget-style panel-widget-style-for-w690b72b2ce326-0-0-7\" ><div\n\t\t\t\n\t\t\tclass=\"so-widget-sow-editor so-widget-sow-editor-base\"\n\t\t\t\n\t\t><h3 class=\"widget-title\">8\u00ba Dia \u2013 TAMBACOUNDA \/ DINDEFELO \/ KEDOUGOU<\/h3>\n<div class=\"siteorigin-widget-tinymce textwidget\">\n\t<p style=\"text-align: justify;\">Pequeno-almo\u00e7o no hotel. Continua\u00e7\u00e3o da viagem para Kedougou. Visita em rota das aldeias malinke e possibilidade de apreciar os garimpeiros com os seus tradicionais e rudimentares m\u00e9todos de trabalho. Chegada a Kedougou e continua\u00e7\u00e3o pela cordilheira de Futa Djalon para Dindefelo, onde se encontra a \u00fanica cascata do pa\u00eds. Possibilidade de tomar banho nas suas \u00e1guas frescas; no caminho de regresso, poderemos, dependendo do dia, visitar algum dos mercados semanais que atraem os agricultores, pastores e comerciantes da regi\u00e3o. Chegada a Kedougou, jantar e alojamento no hotel.<\/p>\n<\/div>\n<\/div><\/div><\/div><div id=\"panel-w690b72b2ce326-0-0-8\" class=\"so-panel widget widget_sow-editor\" data-index=\"8\" ><div class=\"panel-widget-style panel-widget-style-for-w690b72b2ce326-0-0-8\" ><div\n\t\t\t\n\t\t\tclass=\"so-widget-sow-editor so-widget-sow-editor-base\"\n\t\t\t\n\t\t><h3 class=\"widget-title\">9\u00ba Dia \u2013 KEDOUGOU \/ ALDEIAS BEDIK \/ KEDOUGOU<\/h3>\n<div class=\"siteorigin-widget-tinymce textwidget\">\n\t<p style=\"text-align: justify;\">Pequeno-almo\u00e7o no hotel. Continuaremos na descoberta dos tesouros de Kedougou, localizado no meio das montanhas e banhada pelo rio Gambia, \u00e9 a zona mais montanhosa do pa\u00eds e a capital, por excel\u00eancia, das minorias \u00e9tnicas. Hoje, vamos conhecer os Bedik, tal como os Bassari, seus primos, fugiram da islamiza\u00e7\u00e3o levada a cabo pelos Peuls e instalaram-se nas montanhas. Desde a aldeia Peul, faremos uma pequena caminhada nos montes de Douta Djalon, onde vivem escondidos o que lhes permitiu manter muitas das suas tradi\u00e7\u00f5es. Visita da aldeia e dos campos, onde com m\u00e9todos muito rudimentares, cultivam o amendoim e o milho, com o qual preparam a sua famosa cerveja. Regresso a Kedougou e de tarde, pequeno passeio a p\u00e9 pela cidade. Jantar e alojamento no hotel.<\/p>\n<\/div>\n<\/div><\/div><\/div><div id=\"panel-w690b72b2ce326-0-0-9\" class=\"so-panel widget widget_sow-editor\" data-index=\"9\" ><div class=\"panel-widget-style panel-widget-style-for-w690b72b2ce326-0-0-9\" ><div\n\t\t\t\n\t\t\tclass=\"so-widget-sow-editor so-widget-sow-editor-base\"\n\t\t\t\n\t\t><h3 class=\"widget-title\">10\u00ba Dia \u2013 KEDOUGOU \/ KOLDA<\/h3>\n<div class=\"siteorigin-widget-tinymce textwidget\">\n\t<p style=\"text-align: justify;\">Pequeno-almo\u00e7o no hotel. O dia de hoje \u00e9 dedicado a viajar em territ\u00f3rio Firdou, na Alta Casamanse; \u00e9 o feudo do povo Fulas, agricultores na sua maioria, est\u00e3o espalhados por toda a \u00c1frica. De manh\u00e3 cedo, sa\u00edda para a capital da regi\u00e3o, Kolda, com visita \u00e0s v\u00e1rias aldeias que encontraremos em caminho. Chegada, jantar e alojamento no hotel.<\/p>\n<\/div>\n<\/div><\/div><\/div><div id=\"panel-w690b72b2ce326-0-0-10\" class=\"so-panel widget widget_sow-editor\" data-index=\"10\" ><div class=\"panel-widget-style panel-widget-style-for-w690b72b2ce326-0-0-10\" ><div\n\t\t\t\n\t\t\tclass=\"so-widget-sow-editor so-widget-sow-editor-base\"\n\t\t\t\n\t\t><h3 class=\"widget-title\">11\u00ba Dia \u2013 KOLDA \/ DJIMBERING \/ CAP SKIRRING<\/h3>\n<div class=\"siteorigin-widget-tinymce textwidget\">\n\t<p style=\"text-align: justify;\">Pequeno-almo\u00e7o no hotel. Continua\u00e7\u00e3o da viagem para Ziguinchor. Chegada e tempo livre para almo\u00e7o (n\u00e3o inclu\u00eddo). De tarde, continua\u00e7\u00e3o para sul para chegarmos a Cap Skirring, com as suas magn\u00edficas praias. Chegada ao hotel. Sa\u00edda a p\u00e9 (ou em autom\u00f3vel) para visitar a aldeia de Djimbering e breve paragem no museu ao ar livre da localidade para conhecer de perto as tradi\u00e7\u00f5es do povo Diola. Regresso ao hotel, jantar e alojamento.<\/p>\n<\/div>\n<\/div><\/div><\/div><div id=\"panel-w690b72b2ce326-0-0-11\" class=\"so-panel widget widget_sow-editor\" data-index=\"11\" ><div class=\"panel-widget-style panel-widget-style-for-w690b72b2ce326-0-0-11\" ><div\n\t\t\t\n\t\t\tclass=\"so-widget-sow-editor so-widget-sow-editor-base\"\n\t\t\t\n\t\t><h3 class=\"widget-title\">12\u00ba Dia \u2013 CAP SKIRRING\/ MLOMP \/ ISLA CARABANE \/ CAP SKIRRING<\/h3>\n<div class=\"siteorigin-widget-tinymce textwidget\">\n\t<p style=\"text-align: justify;\">Pequeno-almo\u00e7o no hotel e sa\u00edda para Elinkine. Antes, visita de Mlomp, famosa a n\u00edvel arquitet\u00f3nico, pelas suas \u201cCases \u00e0 Etage\u201d, constru\u00e7\u00f5es feitas em adobe. Na pra\u00e7a central, rodeado de ceibas, encontramos o Museu Hutendukay, onde est\u00e3o expostos objectos da vida agricola e tradi\u00e7\u00f5es do mundo rural Diola. Chegando a Elinkine, embarcaremos numa piroga motorizada com destino a Carabane. Esta ilha, foi a primeira capital de Casamance e foi utilizada como entreposto comercial durante a \u00e9poca colonial. Visita aos restos de uma antiga igreja bret\u00e3. Almo\u00e7o livre na ilha ou em Kachouane. Jantar e alojamento no hotel.<\/p>\n<\/div>\n<\/div><\/div><\/div><div id=\"panel-w690b72b2ce326-0-0-12\" class=\"so-panel widget widget_sow-editor\" data-index=\"12\" ><div class=\"panel-widget-style panel-widget-style-for-w690b72b2ce326-0-0-12\" ><div\n\t\t\t\n\t\t\tclass=\"so-widget-sow-editor so-widget-sow-editor-base\"\n\t\t\t\n\t\t><h3 class=\"widget-title\">13\u00ba Dia \u2013 ISLA CARABANE \/ ALDEIAS DIOLA \/ ZIGUINCHOR<\/h3>\n<div class=\"siteorigin-widget-tinymce textwidget\">\n\t<p style=\"text-align: justify;\">Pequeno-almo\u00e7o no hotel. De manh\u00e3, regresso de piroga a Eloubaline, povoa\u00e7\u00e3o isolada numa ilhota, onde se podem ver cabanas em \u201cimpluvium\u201d, uma constru\u00e7\u00e3o t\u00edpica de Diola.\u00a0 Ap\u00f3s a visita, chegaremos por terra, \u00e0 tranquila cidade de Oussouye onde visitaremos o seu rei sempre vestido de vermelho e com quem poderemos negociar (mediante disponibilidade). Passeio a p\u00e9 at\u00e9 Edioungou, onde veremos os alteres animistas e as famosas olarias. Sa\u00edda de carro ou a p\u00e9, para chegar at\u00e9 Senghalene para ver como se processam as castanhas de caju, por uma fam\u00edlia local. De tarde, visita de cidade com o seu passado colonial, o mercado de artesanato, o centro cultural franc\u00eas com a sua arquitetura original e o mercado local. Jantar e alojamento no hotel.<\/p>\n<\/div>\n<\/div><\/div><\/div><div id=\"panel-w690b72b2ce326-0-0-13\" class=\"so-panel widget widget_sow-editor\" data-index=\"13\" ><div class=\"panel-widget-style panel-widget-style-for-w690b72b2ce326-0-0-13\" ><div\n\t\t\t\n\t\t\tclass=\"so-widget-sow-editor so-widget-sow-editor-base\"\n\t\t\t\n\t\t><h3 class=\"widget-title\">14\u00ba Dia \u2013 ZIGUINCHOR \/ SALY<\/h3>\n<div class=\"siteorigin-widget-tinymce textwidget\">\n\t<p style=\"text-align: justify;\">Pequeno-almo\u00e7o no hotel.\u00a0Em hora a indicar, transporte para o aeroporto. Formalidades de embarque e partida para Dakar. Chegada e transporte para Saly, a est\u00e2ncia de praia mais importante do pa\u00eds. Jantar e alojamento no hotel.<\/p>\n<\/div>\n<\/div><\/div><\/div><div id=\"panel-w690b72b2ce326-0-0-14\" class=\"so-panel widget widget_sow-editor\" data-index=\"14\" ><div class=\"panel-widget-style panel-widget-style-for-w690b72b2ce326-0-0-14\" ><div\n\t\t\t\n\t\t\tclass=\"so-widget-sow-editor so-widget-sow-editor-base\"\n\t\t\t\n\t\t><h3 class=\"widget-title\">15\u00ba Dia \u2013 SALY \/ DAKAR \/ PORTUGAL<\/h3>\n<div class=\"siteorigin-widget-tinymce textwidget\">\n\t<p style=\"text-align: justify;\">Pequeno-almo\u00e7o no hotel. Tempo livre para actividades de car\u00e1cter pessoal. Em hora a indicar localmente, transporte para o aeroporto de Dakar, formalidades de embarque e partida para Portugal, com mudan\u00e7a de avi\u00e3o em rota. Noite a bordo.<\/p>\n<p>Nota: o quarto no hotel dever\u00e1 ser desocupado at\u00e9 \u00e0s 12h00.<\/p>\n<\/div>\n<\/div><\/div><\/div><div id=\"panel-w690b72b2ce326-0-0-15\" class=\"so-panel widget widget_sow-editor panel-last-child\" data-index=\"15\" ><div class=\"panel-widget-style panel-widget-style-for-w690b72b2ce326-0-0-15\" ><div\n\t\t\t\n\t\t\tclass=\"so-widget-sow-editor so-widget-sow-editor-base\"\n\t\t\t\n\t\t><h3 class=\"widget-title\">16\u00ba Dia - Chegada a PORTUGAL<\/h3>\n<div class=\"siteorigin-widget-tinymce textwidget\">\n\t<p>Chegada a Portugal.<br \/>\nFim dos nossos servi\u00e7os.<\/p>\n<\/div>\n<\/div><\/div><\/div><\/div><\/div><\/div>\t\t\t\t\t\t<\/div>\n\t\t\t\t\t\t\t\t\t\t\t<div class=\"tab-pane  fade\" id=\"tab-pre\u00e7os-e-condi\u00e7\u00f5es\" role=\"tabpanel\">\n\t\t\t\t\t\t\t<div id=\"pl-w690b72b2ce329\"  class=\"panel-layout\" ><div id=\"pg-w690b72b2ce329-0\"  class=\"panel-grid panel-no-style\" ><div id=\"pgc-w690b72b2ce329-0-0\"  class=\"panel-grid-cell\" ><div id=\"panel-w690b72b2ce329-0-0-0\" class=\"so-panel widget widget_sow-editor panel-first-child panel-last-child\" data-index=\"0\" ><div class=\"panel-widget-style panel-widget-style-for-w690b72b2ce329-0-0-0\" ><div\n\t\t\t\n\t\t\tclass=\"so-widget-sow-editor so-widget-sow-editor-base\"\n\t\t\t\n\t\t>\n<div class=\"siteorigin-widget-tinymce textwidget\">\n\t<p><strong>DIAS de PARTIDA<\/strong><strong>:<\/strong><\/p>\n<p>Di\u00e1rias de 01 de Novembro de 2025 a 31 de Outubro de 2026<\/p>\n<p>&nbsp;<\/p>\n<p><strong>Pre\u00e7o por pessoa segundo ocupa\u00e7\u00e3o do quarto (m\u00ednimo de 2 participantes):<\/strong><\/p>\n<p>&nbsp;<\/p>\n<p><strong>HOT\u00c9IS PREVISTOS ou SIMILARES:<\/strong><\/p>\n<p>&nbsp;<\/p>\n<p><span style=\"color: #ef7a1b;\"><strong>Op\u00e7\u00e3o A)<\/strong><\/span><\/p>\n<p><strong>DAKAR<\/strong> - <a href=\"https:\/\/www.hoteldjoloff.fr\/\" target=\"_blank\" rel=\"noopener\">Hotel Djoloff<\/a>\u00a03* ou <a href=\"https:\/\/www.lodgedesalmadies.com\/\" target=\"_blank\" rel=\"noopener\">Lodge des Almadies<\/a> 3*<\/p>\n<p><strong>LAGO ROSA<\/strong> \u2013 <a href=\"https:\/\/hotelchezsalim.com\/\" target=\"_blank\" rel=\"noopener\">Hotel Chez Salim<\/a> 3* ou <a href=\"https:\/\/aubergecampingdulacrose.com\/\" target=\"_blank\" rel=\"noopener\">Hotel Le Calao <\/a>3*<\/p>\n<p><strong>SAINT LOUIS<\/strong> \u2013 <a href=\"https:\/\/sikihotel.com\/\" target=\"_blank\" rel=\"noopener\">Hotel Siki<\/a> 3* ou <a href=\"https:\/\/www.hoteldelapostesaintlouis.com\/\" target=\"_blank\" rel=\"noopener\">Hotel La Poste<\/a> 3*<\/p>\n<p><strong>LOMPOUL<\/strong> \u2013 <a href=\"https:\/\/www.oceanetsavane.com\/\" target=\"_blank\" rel=\"noopener\">Lodge Oc\u00e9an &amp; Savane<\/a> ou <a href=\"https:\/\/horizons-bleus.com\/hebergement-details\/okai\/\" target=\"_blank\" rel=\"noopener\">Hotel Okai<\/a><\/p>\n<p><strong>SALOUM<\/strong> \u2013 <a href=\"https:\/\/www.ecolodgedesimal.com\/?lang=fr\" target=\"_blank\" rel=\"noopener\">Ecolodge Simal<\/a> 3* ou <a href=\"https:\/\/www.ecolodge-palmarin.com\/\" target=\"_blank\" rel=\"noopener\">Ecolodge Palmarin<\/a> 3*<br \/>\n<strong>TAMBACOUNDA<\/strong> \u2013 <a href=\"https:\/\/horizons-bleus.com\/hebergement-details\/le-relais-de-tambacounda\/\" target=\"_blank\" rel=\"noopener\">Hotel Relais Tamba<\/a> 3* ou Hotel Malaika 3*<br \/>\n<strong>KEDOUGOU<\/strong> \u2013 <a href=\"https:\/\/horizons-bleus.com\/hebergement-details\/le-bedik-de-kedougou\/\" target=\"_blank\" rel=\"noopener\">Relais Bedik<\/a> 3* ou Relais Kedougou \u00a03*<br \/>\n<strong>KOLDA<\/strong> \u2013 <a href=\"https:\/\/horizons-bleus.com\/hebergement-details\/le-relais-de-kolda\/\" target=\"_blank\" rel=\"noopener\">Relais Kolda<\/a>\u00a0ou <a href=\"https:\/\/www.hotel-hobbe.com\/\" target=\"_blank\" rel=\"noopener\">Hotel Hobbe<\/a> 3*<br \/>\n<strong>CAP SKIRRING<\/strong> \u2013 <a href=\"https:\/\/www.hotelmayacapskirring.com\/\" target=\"_blank\" rel=\"noopener\">Hotel Maya<\/a> 3*<br \/>\n<strong>ZIGUINCHOR<\/strong> \u2013 <a href=\"http:\/\/www.hotel-kadiandoumagne.com\/\" target=\"_blank\" rel=\"noopener\">Hotel Kadiandoiumagne<\/a> 3* ou <a href=\"http:\/\/flamboyant.info\/\" target=\"_blank\" rel=\"noopener\">Hotel Le Flamboyant<\/a> 3*<\/p>\n<p><strong>SALY<\/strong> - Hotel Africa Queen <a href=\"http:\/\/s674362995.siteweb-initial.fr\/\" target=\"_blank\" rel=\"noopener\">\u00a0<\/a>3* ou <a href=\"https:\/\/hotelclubroyalsaly.shop\/\" target=\"_blank\" rel=\"noopener\">Hotel Royal<\/a>\u00a03*<\/p>\n<p>&nbsp;<\/p>\n<table>\n<tbody>\n<tr>\n<td>\n<p style=\"text-align: center;\"><strong>PER\u00cdODO<\/strong><\/p>\n<\/td>\n<td style=\"text-align: center;\"><strong>TRIPLO*<\/strong><\/td>\n<td style=\"text-align: center;\"><strong>DUPLO<\/strong><\/td>\n<td>\n<p style=\"text-align: center;\"><strong>SINGLE<\/strong><\/p>\n<\/td>\n<\/tr>\n<tr>\n<td>\n<p style=\"text-align: center;\"><strong>01\/11\/25 a 31\/10\/26<\/strong><\/p>\n<\/td>\n<td style=\"text-align: center;\">3.130,00 \u20ac<\/td>\n<td style=\"text-align: center;\">3.160,00 \u20ac<\/td>\n<td>\n<p style=\"text-align: center;\">3.560,00 \u20ac<\/p>\n<\/td>\n<\/tr>\n<tr>\n<td colspan=\"4\">\n<p style=\"text-align: center;\">Suplemento estadias de 18\/12\/25 a 01\/01\/26 (Fim Ano): 265,00 \u20ac por pessoa<\/p>\n<\/td>\n<\/tr>\n<tr>\n<td colspan=\"4\">\n<p style=\"text-align: center;\">Suplemento estadias de 28\/03 a 04\/04\/26: 75,00 \u20ac por pessoa<\/p>\n<\/td>\n<\/tr>\n<\/tbody>\n<\/table>\n<p>&nbsp;<\/p>\n<p><span style=\"color: #ef7a1b;\"><strong>Op\u00e7\u00e3o B)<\/strong><\/span><\/p>\n<p><strong>DAKAR<\/strong> - <a href=\"https:\/\/www.radissonhotels.com\/en-us\/hotels\/radisson-blu-dakar-sea-plaza?\" target=\"_blank\" rel=\"noopener\">Hotel Radisson Blu <\/a>5* ou <a href=\"https:\/\/www.terroubi.com\/?partner=7000&amp;utm_source=google&amp;utm_medium=gmb&amp;utm_campaign=web_link\" target=\"_blank\" rel=\"noopener\">Hotel Terrou Bi<\/a> 5*<\/p>\n<p><strong>LAGO ROSA<\/strong> \u2013 <a href=\"https:\/\/hotelchezsalim.com\/\" target=\"_blank\" rel=\"noopener\">Hotel Chez Salim<\/a> 3* ou <a href=\"https:\/\/aubergecampingdulacrose.com\/\" target=\"_blank\" rel=\"noopener\">Hotel Le Calao <\/a>3*<\/p>\n<p><strong>SAINT LOUIS<\/strong> \u2013 <a href=\"https:\/\/www.hoteldelaresidence.com\/\" target=\"_blank\" rel=\"noopener\">Hotel La Residence<\/a> 3* <a href=\"https:\/\/fildufleuve.com\/\" target=\"_blank\" rel=\"noopener\">Hotel Au Fil du Fleuve<\/a> 3*<\/p>\n<p><strong>LOMPOUL<\/strong> \u2013 <a href=\"https:\/\/www.oceanetsavane.com\/\" target=\"_blank\" rel=\"noopener\">Lodge Oc\u00e9an &amp; Savane<\/a> ou <a href=\"https:\/\/horizons-bleus.com\/hebergement-details\/okai\/\" target=\"_blank\" rel=\"noopener\">Hotel Okai<\/a><\/p>\n<p><strong>SALOUM<\/strong> \u2013 <a href=\"https:\/\/www.ecolodgedesimal.com\/?lang=fr\" target=\"_blank\" rel=\"noopener\">Ecolodge Simal<\/a> 3* ou <a href=\"https:\/\/www.ecolodge-palmarin.com\/\" target=\"_blank\" rel=\"noopener\">Ecolodge Palmarin<\/a> 3*<\/p>\n<p><strong>TAMBACOUNDA<\/strong> \u2013 <a href=\"https:\/\/horizons-bleus.com\/hebergement-details\/le-relais-de-tambacounda\/\" target=\"_blank\" rel=\"noopener\">Hotel Relais Tamba<\/a> 3* ou Hotel Malaika \u00a03*<br \/>\n<strong>KEDOUGOU<\/strong> \u2013 <a href=\"https:\/\/horizons-bleus.com\/hebergement-details\/le-bedik-de-kedougou\/\" target=\"_blank\" rel=\"noopener\">Hotel Relais Bedik<\/a> 3* ou Hotel Relais Kedougou \u00a03*<br \/>\n<strong>KOLDA<\/strong> \u2013 <a href=\"https:\/\/horizons-bleus.com\/hebergement-details\/le-relais-de-kolda\/\" target=\"_blank\" rel=\"noopener\">Relais Kolda<\/a> 3* ou <a href=\"https:\/\/www.hotel-hobbe.com\/\" target=\"_blank\" rel=\"noopener\">Hotel Hobbe<\/a> 3*<br \/>\n<strong>CAP SKIRRING<\/strong> \u2013 <a href=\"http:\/\/www.hibiscus-hotel.fr\/\" target=\"_blank\" rel=\"noopener\">Hotel Hibiscus<\/a> 4* ou <a href=\"https:\/\/www.paillote.sn\/votre-destination.html\" target=\"_blank\" rel=\"noopener\">Hotel La Paillote<\/a> 4*<br \/>\n<strong>ZIGUINCHOR<\/strong> \u2013 <a href=\"http:\/\/www.hotel-kadiandoumagne.com\/\" target=\"_blank\" rel=\"noopener\">Hotel Kadiandoiumagne<\/a> 3* ou <a href=\"http:\/\/flamboyant.info\/\" target=\"_blank\" rel=\"noopener\">Hotel Le Flamboyant<\/a> 3*<\/p>\n<p><strong>SALY<\/strong> \u2013 <a href=\"https:\/\/movenpick.accor.com\/en\/africa\/senegal\/Saly\/movenpick-resort-lamantin-saly-.html\" target=\"_blank\" rel=\"noopener\">Hotel Lamantin Beach<\/a>\u00a05* ou <a href=\"https:\/\/therhinoresort.com\/en\/\" target=\"_blank\" rel=\"noopener\">Hotel Rhino Resort <\/a>5*<\/p>\n<p>&nbsp;<\/p>\n<table>\n<tbody>\n<tr>\n<td>\n<p style=\"text-align: center;\"><strong>PER\u00cdODO<\/strong><\/p>\n<\/td>\n<td style=\"text-align: center;\"><strong>TRIPLO*<\/strong><\/td>\n<td style=\"text-align: center;\"><strong>DUPLO<\/strong><\/td>\n<td>\n<p style=\"text-align: center;\"><strong>SINGLE<\/strong><\/p>\n<\/td>\n<\/tr>\n<tr>\n<td>\n<p style=\"text-align: center;\"><strong>01\/11\/25 a 31\/10\/26<\/strong><\/p>\n<\/td>\n<td style=\"text-align: center;\">3.370,00 \u20ac<\/td>\n<td style=\"text-align: center;\">3.405,00 \u20ac<\/td>\n<td>\n<p style=\"text-align: center;\">3.840,00 \u20ac<\/p>\n<\/td>\n<\/tr>\n<tr>\n<td colspan=\"4\">\n<p style=\"text-align: center;\">Suplemento estadias de 18\/12\/25 a 01\/01\/26 (Fim Ano): 360,00 \u20ac por pessoa<\/p>\n<\/td>\n<\/tr>\n<tr>\n<td colspan=\"4\">\n<p style=\"text-align: center;\">Suplemento estadias de 28\/03 a 04\/04\/26: 90,00 \u20ac por pessoa<\/p>\n<\/td>\n<\/tr>\n<\/tbody>\n<\/table>\n<p><strong>\u00a0<\/strong><\/p>\n<p style=\"text-align: justify;\"><strong>NOTA*<\/strong> - Os quartos triplos, s\u00e3o compostos por 1 ou 2 camas, mais 1 cama extra. As condi\u00e7\u00f5es de conforto s\u00e3o menores do que as dos quartos duplos. A reserva de um quarto triplo, implica a aceita\u00e7\u00e3o deste facto.<\/p>\n<p>&nbsp;<\/p>\n<p style=\"text-align: justify;\"><strong>NOTA1<\/strong> - Este programa foi calculado com base na companhia Iberia em cabine econ\u00f3mica, tarifa em classe A. Caso n\u00e3o haja disponibilidade de lugares nessa tarifa, ser\u00e1 proposto em alternativa o escal\u00e3o tarif\u00e1rio seguinte dispon\u00edvel, ou outra companhia a\u00e9rea, mediante um suplemento a informar.<\/p>\n<p>&nbsp;<\/p>\n<p><strong>Suplemento de tarifa a\u00e9rea com a Iberia (Porto ou Lisboa):<\/strong><\/p>\n<p>&nbsp;<\/p>\n<table>\n<tbody>\n<tr>\n<td>\n<p style=\"text-align: center;\"><strong>PER\u00cdODO<\/strong><\/p>\n<\/td>\n<td style=\"text-align: center;\"><strong>Classe A<\/strong><\/td>\n<td style=\"text-align: center;\"><strong>Classe O<\/strong><\/td>\n<td style=\"text-align: center;\"><strong>Classe Q<\/strong><\/td>\n<td>\n<p style=\"text-align: center;\"><strong>Classe N<\/strong><\/p>\n<\/td>\n<\/tr>\n<tr>\n<td>\n<p style=\"text-align: center;\"><strong>01\/11\/25 a 31\/10\/26<\/strong><\/p>\n<\/td>\n<td style=\"text-align: center;\">Sem Supl.<\/td>\n<td style=\"text-align: center;\">52,00 \u20ac<\/td>\n<td style=\"text-align: center;\">116,00 \u20ac<\/td>\n<td>\n<p style=\"text-align: center;\">184,00 \u20ac<\/p>\n<\/td>\n<\/tr>\n<\/tbody>\n<\/table>\n<p>&nbsp;<\/p>\n<p>&nbsp;<\/p>\n<p><strong>O pre\u00e7o inclui:<\/strong><\/p>\n<p>- Passagem a\u00e9rea em voos regulares, em classe econ\u00f3mica, para o percurso indicado incluindo o transporte de bagagem de por\u00e3o;<\/p>\n<p>- Taxas de aeroporto, seguran\u00e7a e combust\u00edvel no valor de 160,00 \u20ac (sujeito a altera\u00e7\u00e3o, a reconfirmar na data da emiss\u00e3o dos bilhetes);<\/p>\n<p>- Transporte aeroporto \/ hotel \/ aeroporto;<br \/>\n- Alojamento nos hot\u00e9is previstos ou similares em quarto standard em regime de meia pens\u00e3o;<br \/>\n- Refei\u00e7\u00f5es de acordo com o indicado no itiner\u00e1rio (13 jantares + 01 almo\u00e7o);<\/p>\n<p>- Circuito em servi\u00e7o privado, acompanhado de motorista\/guia local de l\u00edngua espanhola;<\/p>\n<p>- Transporte em ve\u00edculo privado com ar condicionado;<br \/>\n-\u00a0Visitas de acordo com o indicado no itiner\u00e1rio;<\/p>\n<p>- Taxas de servi\u00e7o e IVA;<\/p>\n<p>- Seguro de viagem.<\/p>\n<p><strong>\u00a0<\/strong><\/p>\n<p><strong>O pre\u00e7o n\u00e3o inclui:<\/strong><\/p>\n<p>- Bebidas \u00e0s refei\u00e7\u00f5es;<\/p>\n<p>- Gratifica\u00e7\u00f5es;<br \/>\n- Servi\u00e7o de bagageiros;<br \/>\n- Extras e actividades de car\u00e1cter pessoal;<br \/>\n- Todos os servi\u00e7os n\u00e3o indicados como inclu\u00eddos.<\/p>\n<p>&nbsp;<\/p>\n<p><strong>Seguro de viagem:<\/strong><\/p>\n<p>- Todas as viagens organizadas pela MundoNovo Viagens est\u00e3o cobertas por um seguro de viagem (<a href=\"https:\/\/www.mundonovoviagens.pt\/wp-content\/uploads\/2025\/02\/MundoNovo-Multiviagens-Plus-1.pdf?x78457&amp;x70114&amp;x48172&amp;x23938&amp;x23938\" target=\"_blank\" rel=\"noopener\">Multiviagens Plus 1<\/a>);<br \/>\n- Adicionalmente propomos o seguro <a href=\"https:\/\/www.mundonovoviagens.pt\/wp-content\/uploads\/2025\/02\/MundoNovo-Multiviagens-Premium.pdf?x78457&amp;x70114&amp;x48172&amp;x23938&amp;x23938\" target=\"_blank\" rel=\"noopener\">Multiviagens Premium<\/a>\u00a0(valor das coberturas superior), mediante um suplemento de 30\u20ac por pessoa;<br \/>\n- As condi\u00e7\u00f5es gerais de cada seguro poder\u00e3o ser consultadas na p\u00e1gina inicial do nosso site.<\/p>\n<p>&nbsp;<\/p>\n<p><strong>Condi\u00e7\u00f5es gerais de reserva e cancelamento:<\/strong><b><br \/>\n<\/b>Consultar a ficha de informa\u00e7\u00e3o normalizada (<a href=\"https:\/\/www.mundonovoviagens.pt\/index.php\/ficha-de-informacao-normalizada\/\" target=\"_blank\" rel=\"noopener\">FIN<\/a>) e\u00a0<a href=\"https:\/\/www.mundonovoviagens.pt\/index.php\/condicoes-gerais\/\" target=\"_blank\" rel=\"noopener\">condi\u00e7\u00f5es gerais<\/a>\u00a0indicadas no site.<\/p>\n<\/div>\n<\/div><\/div><\/div><\/div><\/div><\/div>\t\t\t\t\t\t<\/div>\n\t\t\t\t\t\t\t\t\t\t\t<div class=\"tab-pane  fade\" id=\"tab-informa\u00e7\u00f5es-destino\" role=\"tabpanel\">\n\t\t\t\t\t\t\t<div id=\"pl-w690b72b2ce32b\"  class=\"panel-layout\" ><div id=\"pg-w690b72b2ce32b-0\"  class=\"panel-grid panel-no-style\" ><div id=\"pgc-w690b72b2ce32b-0-0\"  class=\"panel-grid-cell\" ><div id=\"panel-w690b72b2ce32b-0-0-0\" class=\"so-panel widget widget_sow-editor panel-first-child panel-last-child\" data-index=\"0\" ><div class=\"panel-widget-style panel-widget-style-for-w690b72b2ce32b-0-0-0\" ><div\n\t\t\t\n\t\t\tclass=\"so-widget-sow-editor so-widget-sow-editor-base\"\n\t\t\t\n\t\t>\n<div class=\"siteorigin-widget-tinymce textwidget\">\n\t<p><strong>1 \u2013 Requisitos de entrada<br \/>\n<\/strong>Os cidad\u00e3os portugueses necessitam de passaporte com validade m\u00ednima de seis meses \u00e0 data de sa\u00edda do pa\u00eds.<br \/>\nN\u00e3o \u00e9 obrigat\u00f3rio visto.<strong>\u00a0<\/strong><\/p>\n<p>&nbsp;<\/p>\n<p style=\"text-align: justify;\"><strong>2 \u2013 Vacinas \/ Sa\u00fade<br \/>\n<\/strong>Vacina obrigat\u00f3ria: nenhuma.<br \/>\nS\u00e3o recomendadas as seguintes vacinas: \u00a0febre amarela, t\u00e9tano, poliomielite, difteria, meningite, tifoide e hepatite B. Deve ingerir \u00e1gua engarrafada e evitar saladas cruas, fruta com casca e outros alimentos crus.<\/p>\n<p>&nbsp;<\/p>\n<p style=\"text-align: justify;\"><strong>3 \u2013 Clima<br \/>\n<\/strong>O clima \u00e9 tropical, com uma longa esta\u00e7\u00e3o seca (de meados de outubro a meados de junho no norte, e do in\u00edcio de novembro a meados de maio no sul), e uma esta\u00e7\u00e3o chuvosa (final de junho ao in\u00edcio de outubro no norte, e do final de maio ao final de outubro no sul). Consequentemente a paisagem varia consideravelmente, sendo semides\u00e9rtica no norte e de savana e florestas junto aos rios, no sul.<br \/>\nDurante a esta\u00e7\u00e3o seca as temperaturas rondam 24\u00ba a 26\u00ba no litoral e 40\u00ba no interior. Na esta\u00e7\u00e3o das Chuvas, as temperaturas oscilam entre os 24\u00ba e os 33\u00ba.<\/p>\n<p>&nbsp;<\/p>\n<p><strong>4 \u2013 Idioma<br \/>\n<\/strong>O idioma oficial \u00e9 o franc\u00eas, e o wolof (falado pela maioria da popula\u00e7\u00e3o).<\/p>\n<p>&nbsp;<\/p>\n<p style=\"text-align: justify;\"><strong>5 \u2013 Moeda<br \/>\n<\/strong>A moeda local \u00e9 o franco CFA. Nos principais hot\u00e9is pertencentes a cadeias internacionais \u00e9 poss\u00edvel efetuar pagamentos com cart\u00e3o de cr\u00e9dito. Nem todos os bancos aceitam cart\u00f5es de cr\u00e9dito para levantamento de dinheiro.<\/p>\n<p>&nbsp;<\/p>\n<p><strong>6 \u2013 Diferen\u00e7a hor\u00e1ria<br \/>\n<\/strong>GMT\/UTC +0<\/p>\n<p>&nbsp;<\/p>\n<p><strong>7 \u2013 Corrente el\u00e9trica<br \/>\n<\/strong>230 V \/ 50 Hz (tomadas tipo C, D e K)<\/p>\n<p>&nbsp;<\/p>\n<p><strong>8 - Representa\u00e7\u00e3o Diplom\u00e1tica \/ Consular<br \/>\n<\/strong>Embaixada de Portugal em Dakar.<br \/>\nMais informa\u00e7\u00f5es: <a href=\"https:\/\/portaldascomunidades.mne.gov.pt\/pt\/\" target=\"_blank\" rel=\"noopener\">www.portaldascomunidades.mne.gov.pt\/<\/a><\/p>\n<p>&nbsp;<\/p>\n<p><strong>9 \u2013 Site oficial do turismo: <\/strong><a href=\"https:\/\/tourisme.gouv.sn\/en\/\" target=\"_blank\" rel=\"noopener\">www.tourisme.gouv.sn\/en\/<\/a><\/p>\n<\/div>\n<\/div><\/div><\/div><\/div><\/div><\/div>\t\t\t\t\t\t<\/div>\n\t\t\t\t\t\t\t\t\t\t<\/div>\n\t\t\t\t\t\t\t<\/div>\n\n\t\t\t<\/div><div id=\"panel-653-0-0-1\" class=\"so-panel widget widget_sow-button panel-last-child\" data-index=\"1\" ><div\n\t\t\t\n\t\t\tclass=\"so-widget-sow-button so-widget-sow-button-flat-95cda3216a70-653\"\n\t\t\t\n\t\t><div class=\"ow-button-base ow-button-align-center\">\n\t<a\n\thref=\"https:\/\/www.mundonovoviagens.pt\/index.php\/contactos\/?wpf62_6=Assunto:%20362%20\u2013%20Grande%20Circuito%20do%20Senegal%20-%2016%20dias\"\n\t\tclass=\"ow-icon-placement-left ow-button-hover\" \t>\n\t\t<span>\n\t\t\t\n\t\t\tCONTACTE-NOS\t\t<\/span>\n\t<\/a>\n<\/div>\n<\/div><\/div><\/div><\/div><\/div>","protected":false},"excerpt":{"rendered":"<p style=\"text-align: center;\"><strong>Circuito Privado com guia em Espanhol<br \/>\n<\/strong><\/p>\n<p style=\"text-align: center;\">(Dakar, Ilha Gor\u00e9e, Lago Rosa, Saint Louis, Parque de Djoudj, Barbarie, Saloum,<\/p>\n<p style=\"text-align: center;\">Tambacounda, Kedougou, Kolda, Djimbering, Cap Skirring, Mlomp, \u00a0Carabane, Zinguichor e Saly)<\/p>\n","protected":false},"featured_media":3171,"template":"","meta":[],"product_brand":[],"product_cat":[15],"product_tag":[1007,1056,1004,1005,1006,1008,1010,1003],"class_list":{"0":"post-653","1":"product","2":"type-product","3":"status-publish","4":"has-post-thumbnail","6":"product_cat-europa","7":"product_tag-barbarie","8":"product_tag-dakar","9":"product_tag-ilha-goree","10":"product_tag-lago-rosa","11":"product_tag-saint-louis","12":"product_tag-saloum","13":"product_tag-saly","14":"product_tag-senegal","16":"first","17":"instock","18":"shipping-taxable","19":"product-type-simple"},"_links":{"self":[{"href":"https:\/\/www.mundonovoviagens.pt\/index.php\/wp-json\/wp\/v2\/product\/653","targetHints":{"allow":["GET"]}}],"collection":[{"href":"https:\/\/www.mundonovoviagens.pt\/index.php\/wp-json\/wp\/v2\/product"}],"about":[{"href":"https:\/\/www.mundonovoviagens.pt\/index.php\/wp-json\/wp\/v2\/types\/product"}],"wp:featuredmedia":[{"embeddable":true,"href":"https:\/\/www.mundonovoviagens.pt\/index.php\/wp-json\/wp\/v2\/media\/3171"}],"wp:attachment":[{"href":"https:\/\/www.mundonovoviagens.pt\/index.php\/wp-json\/wp\/v2\/media?parent=653"}],"wp:term":[{"taxonomy":"product_brand","embeddable":true,"href":"https:\/\/www.mundonovoviagens.pt\/index.php\/wp-json\/wp\/v2\/product_brand?post=653"},{"taxonomy":"product_cat","embeddable":true,"href":"https:\/\/www.mundonovoviagens.pt\/index.php\/wp-json\/wp\/v2\/product_cat?post=653"},{"taxonomy":"product_tag","embeddable":true,"href":"https:\/\/www.mundonovoviagens.pt\/index.php\/wp-json\/wp\/v2\/product_tag?post=653"}],"curies":[{"name":"wp","href":"https:\/\/api.w.org\/{rel}","templated":true}]}}